{"id":4627,"date":"2021-11-18T15:21:35","date_gmt":"2021-11-18T14:21:35","guid":{"rendered":"https:\/\/saintjeandelacommanderie.fr\/?page_id=4627"},"modified":"2022-11-17T14:19:20","modified_gmt":"2022-11-17T13:19:20","slug":"annee-2022-c","status":"publish","type":"page","link":"https:\/\/saintjeandelacommanderie.fr\/?page_id=4627","title":{"rendered":"Ann\u00e9e 2022 C"},"content":{"rendered":"\n<p>Retrouvez tous les fichiers dans le <a href=\"#calendrier2022\">tableau de l&rsquo;ann\u00e9e liturgique 2021-2022<\/a>.<\/p>\n\n\n\n<p class=\"has-large-font-size\"><strong>Saint-Joseph<\/strong><\/p>\n\n\n\n<!-- G\u00e9n\u00e9ration r\u00e9alis\u00e9e avec Document Gallery. Obtenez votre version ici :http:\/\/wordpress.org\/extend\/plugins\/document-gallery -->\n<div id=\"document-gallery-1\" class=\"document-gallery\" data-shortcode='{\"id\":4627,\"include\":\"4640,4666,4687,4702,4708,4704,5189\",\"exclude\":\"\",\"columns\":4,\"fancy\":true,\"order\":\"ASC\",\"orderby\":\"post__in\",\"relation\":\"AND\",\"limit\":-1,\"mime_types\":\"application,video,text,audio,image\",\"new_window\":true,\"paginate\":true,\"post_status\":\"any\",\"post_type\":\"attachment\",\"attachment_pg\":false,\"descriptions\":false,\"skip\":0}' style='--dg-icon-width: 24%'>\n<div class='document-icon-row'>\n   <div class=\"document-icon\">\n      <a href=\"https:\/\/saintjeandelacommanderie.fr\/wp-content\/uploads\/2021\/11\/Feuille-du-28.11.21.pdf\" target=\"_blank\">\n         <img decoding=\"async\" src=\"https:\/\/saintjeandelacommanderie.fr\/wp-content\/uploads\/2021\/11\/Feuille-du-28-11-21-thumb.png\" title=\"Chants Saint-Joseph28 novembre 2021\" alt=\"Chants Saint-Joseph28 novembre 2021\" data-ext=\"pdf\"\/>\n         <span class=\"title\">Chants Saint-Joseph<br \/>28 novembre 2021<\/span>\n      <\/a>\n   <\/div>\n   <div class=\"document-icon\">\n      <a href=\"https:\/\/saintjeandelacommanderie.fr\/wp-content\/uploads\/2021\/12\/Feuille-du-5.12.21.pdf\" target=\"_blank\">\n         <img decoding=\"async\" src=\"https:\/\/saintjeandelacommanderie.fr\/wp-content\/uploads\/2021\/12\/Feuille-du-5-12-21-thumb.png\" title=\"Chants Saint-Joseph5 d\u00e9cembre 2021\" alt=\"Chants Saint-Joseph5 d\u00e9cembre 2021\" data-ext=\"pdf\"\/>\n         <span class=\"title\">Chants Saint-Joseph<br \/>5 d\u00e9cembre 2021<\/span>\n      <\/a>\n   <\/div>\n   <div class=\"document-icon\">\n      <a href=\"https:\/\/saintjeandelacommanderie.fr\/wp-content\/uploads\/2021\/12\/Feuille-du-12-12-21.pdf\" target=\"_blank\">\n         <img decoding=\"async\" src=\"https:\/\/saintjeandelacommanderie.fr\/wp-content\/uploads\/2021\/12\/Feuille-du-12-12-21-thumb.png\" title=\"Chants Saint-Joseph12 d\u00e9cembre 2021\" alt=\"Chants Saint-Joseph12 d\u00e9cembre 2021\" data-ext=\"pdf\"\/>\n         <span class=\"title\">Chants Saint-Joseph<br \/>12 d\u00e9cembre 2021<\/span>\n      <\/a>\n   <\/div>\n   <div class=\"document-icon\">\n      <a href=\"https:\/\/saintjeandelacommanderie.fr\/wp-content\/uploads\/2021\/12\/Feuille-du-19.12.21.pdf\" target=\"_blank\">\n         <img decoding=\"async\" src=\"https:\/\/saintjeandelacommanderie.fr\/wp-content\/uploads\/2021\/12\/Feuille-du-19-12-21-thumb.png\" title=\"Chants Saint-Joseph19 d\u00e9cembre 2021\" alt=\"Chants Saint-Joseph19 d\u00e9cembre 2021\" data-ext=\"pdf\"\/>\n         <span class=\"title\">Chants Saint-Joseph<br \/>19 d\u00e9cembre 2021<\/span>\n      <\/a>\n   <\/div>\n\n<\/div>\n<div class='document-icon-row'>\n   <div class=\"document-icon\">\n      <a href=\"https:\/\/saintjeandelacommanderie.fr\/wp-content\/uploads\/2021\/12\/Noel-21-Aurore.pdf\" target=\"_blank\">\n         <img decoding=\"async\" src=\"https:\/\/saintjeandelacommanderie.fr\/wp-content\/uploads\/2021\/12\/Noel-21-Aurore-thumb.png\" title=\"Chants Saint-Joseph25 d\u00e9cembre 2021Messe de l&rsquo;aurore\" alt=\"Chants Saint-Joseph25 d\u00e9cembre 2021Messe de l&rsquo;aurore\" data-ext=\"pdf\"\/>\n         <span class=\"title\">Chants Saint-Joseph<br \/>25 d\u00e9cembre 2021<br \/>Messe de l&rsquo;aurore<\/span>\n      <\/a>\n   <\/div>\n   <div class=\"document-icon\">\n      <a href=\"https:\/\/saintjeandelacommanderie.fr\/wp-content\/uploads\/2021\/12\/Noel-21-Nuit.pdf\" target=\"_blank\">\n         <img decoding=\"async\" src=\"https:\/\/saintjeandelacommanderie.fr\/wp-content\/uploads\/2021\/12\/Noel-21-Nuit-thumb.png\" title=\"Chants Saint-Joseph24 d\u00e9cembre 2021Messe de la nuit de No\u00ebl\" alt=\"Chants Saint-Joseph24 d\u00e9cembre 2021Messe de la nuit de No\u00ebl\" data-ext=\"pdf\"\/>\n         <span class=\"title\">Chants Saint-Joseph<br \/>24 d\u00e9cembre 2021<br \/>Messe de la nuit de No\u00ebl<\/span>\n      <\/a>\n   <\/div>\n   <div class=\"document-icon\">\n      <a href=\"https:\/\/saintjeandelacommanderie.fr\/wp-content\/uploads\/2022\/11\/Messe-en-famille-13-11.pdf\" target=\"_blank\">\n         <img decoding=\"async\" src=\"https:\/\/saintjeandelacommanderie.fr\/wp-content\/uploads\/2022\/11\/Messe-en-famille-13-11-thumb.png\" title=\"Messe en famille13 novembre 2022\" alt=\"Messe en famille13 novembre 2022\" data-ext=\"pdf\"\/>\n         <span class=\"title\">Messe en famille<br \/>13 novembre 2022<\/span>\n      <\/a>\n   <\/div>\n\n<\/div>\n<\/div>\n\n\n<p class=\"has-large-font-size\"><strong>Saint-L\u00e9on<\/strong><\/p>\n\n\n\n<!-- G\u00e9n\u00e9ration r\u00e9alis\u00e9e avec Document Gallery. Obtenez votre version ici :http:\/\/wordpress.org\/extend\/plugins\/document-gallery -->\n<div id=\"document-gallery-2\" class=\"document-gallery\" data-shortcode='{\"id\":4627,\"include\":\"4637,4663,4684,4700,4706,4710,5202\",\"exclude\":\"\",\"columns\":4,\"fancy\":true,\"order\":\"ASC\",\"orderby\":\"post__in\",\"relation\":\"AND\",\"limit\":-1,\"mime_types\":\"application,video,text,audio,image\",\"new_window\":true,\"paginate\":true,\"post_status\":\"any\",\"post_type\":\"attachment\",\"attachment_pg\":false,\"descriptions\":false,\"skip\":0}' style='--dg-icon-width: 24%'>\n<div class='document-icon-row'>\n   <div class=\"document-icon\">\n      <a href=\"https:\/\/saintjeandelacommanderie.fr\/wp-content\/uploads\/2021\/11\/28-11-21.pdf\" target=\"_blank\">\n         <img decoding=\"async\" src=\"https:\/\/saintjeandelacommanderie.fr\/wp-content\/uploads\/2021\/11\/28-11-21-thumb.png\" title=\"Chants Saint-L\u00e9on28 novembre 2021\" alt=\"Chants Saint-L\u00e9on28 novembre 2021\" data-ext=\"pdf\"\/>\n         <span class=\"title\">Chants Saint-L\u00e9on<br \/>28 novembre 2021<\/span>\n      <\/a>\n   <\/div>\n   <div class=\"document-icon\">\n      <a href=\"https:\/\/saintjeandelacommanderie.fr\/wp-content\/uploads\/2021\/12\/05-12-21-1er-dim.-Avent.pdf\" target=\"_blank\">\n         <img decoding=\"async\" src=\"https:\/\/saintjeandelacommanderie.fr\/wp-content\/uploads\/2021\/12\/05-12-21-1er-dim-Avent-thumb.png\" title=\"Chants Saint-L\u00e9on5 d\u00e9cembre 2021\" alt=\"Chants Saint-L\u00e9on5 d\u00e9cembre 2021\" data-ext=\"pdf\"\/>\n         <span class=\"title\">Chants Saint-L\u00e9on<br \/>5 d\u00e9cembre 2021<\/span>\n      <\/a>\n   <\/div>\n   <div class=\"document-icon\">\n      <a href=\"https:\/\/saintjeandelacommanderie.fr\/wp-content\/uploads\/2021\/12\/12-12-21-3eme-dim.-Avent.pdf\" target=\"_blank\">\n         <img decoding=\"async\" src=\"https:\/\/saintjeandelacommanderie.fr\/wp-content\/uploads\/2021\/12\/12-12-21-3eme-dim-Avent-thumb.png\" title=\"Chants Saint-L\u00e9on 12 d\u00e9cembre 2021\" alt=\"Chants Saint-L\u00e9on 12 d\u00e9cembre 2021\" data-ext=\"pdf\"\/>\n         <span class=\"title\">Chants Saint-L\u00e9on <br \/>12 d\u00e9cembre 2021<\/span>\n      <\/a>\n   <\/div>\n   <div class=\"document-icon\">\n      <a href=\"https:\/\/saintjeandelacommanderie.fr\/wp-content\/uploads\/2021\/12\/19-12-21-4eme-dimanche-de-lAvent.pdf\" target=\"_blank\">\n         <img decoding=\"async\" src=\"https:\/\/saintjeandelacommanderie.fr\/wp-content\/uploads\/2021\/12\/19-12-21-4eme-dimanche-de-lAvent-thumb.png\" title=\"Chants Saint-L\u00e9on19 d\u00e9cembre 2021\" alt=\"Chants Saint-L\u00e9on19 d\u00e9cembre 2021\" data-ext=\"pdf\"\/>\n         <span class=\"title\">Chants Saint-L\u00e9on<br \/>19 d\u00e9cembre 2021<\/span>\n      <\/a>\n   <\/div>\n\n<\/div>\n<div class='document-icon-row'>\n   <div class=\"document-icon\">\n      <a href=\"https:\/\/saintjeandelacommanderie.fr\/wp-content\/uploads\/2021\/12\/feuille_saint-leon_20211225.pdf\" target=\"_blank\">\n         <img decoding=\"async\" src=\"https:\/\/saintjeandelacommanderie.fr\/wp-content\/uploads\/2021\/12\/feuille_saint-leon_20211225-thumb.png\" title=\"Chants Saint-L\u00e9on25 d\u00e9cembre 2021Messe du jour\" alt=\"Chants Saint-L\u00e9on25 d\u00e9cembre 2021Messe du jour\" data-ext=\"pdf\"\/>\n         <span class=\"title\">Chants Saint-L\u00e9on<br \/>25 d\u00e9cembre 2021<br \/>Messe du jour<\/span>\n      <\/a>\n   <\/div>\n   <div class=\"document-icon\">\n      <a href=\"https:\/\/saintjeandelacommanderie.fr\/wp-content\/uploads\/2021\/12\/26-12-21-Sainte-Famille.pdf\" target=\"_blank\">\n         <img decoding=\"async\" src=\"https:\/\/saintjeandelacommanderie.fr\/wp-content\/uploads\/2021\/12\/26-12-21-Sainte-Famille-thumb.png\" title=\"Chants Saint-L\u00e9on26 d\u00e9cembre 2021\" alt=\"Chants Saint-L\u00e9on26 d\u00e9cembre 2021\" data-ext=\"pdf\"\/>\n         <span class=\"title\">Chants Saint-L\u00e9on<br \/>26 d\u00e9cembre 2021<\/span>\n      <\/a>\n   <\/div>\n   <div class=\"document-icon\">\n      <a href=\"https:\/\/saintjeandelacommanderie.fr\/wp-content\/uploads\/2022\/11\/20-11-22-Christ-Roi.pdf\" target=\"_blank\">\n         <img decoding=\"async\" src=\"https:\/\/saintjeandelacommanderie.fr\/wp-content\/uploads\/2022\/11\/20-11-22-Christ-Roi-thumb.png\" title=\"Chants Saint-L\u00e9on20 novembre 2022Christ-Roi\" alt=\"Chants Saint-L\u00e9on20 novembre 2022Christ-Roi\" data-ext=\"pdf\"\/>\n         <span class=\"title\">Chants Saint-L\u00e9on<br \/>20 novembre 2022<br \/>Christ-Roi<\/span>\n      <\/a>\n   <\/div>\n\n<\/div>\n<\/div>\n\n\n<hr class=\"wp-block-separator has-text-color has-dark-gray-color has-css-opacity has-dark-gray-background-color has-background is-style-wide\"\/>\n\n\n\n<p id=\"calendrier2022\">Tableau des fichiers de l&rsquo;ann\u00e9e liturgique 2021-2022.<\/p>\n\n\n\n<table id=\"tablepress-10\" class=\"tablepress tablepress-id-10\">\n<thead>\n<tr class=\"row-1\">\n\t<th class=\"column-1\">Ann\u00e9e liturgique 2021-2022<br \/>\nAnn\u00e9e C<\/th><td class=\"column-2\"><\/td><td class=\"column-3\"><\/td><td class=\"column-4\"><\/td>\n<\/tr>\n<\/thead>\n<tbody class=\"row-striping row-hover\">\n<tr class=\"row-2\">\n\t<td class=\"column-1\"><\/td><td class=\"column-2\"><\/td><td class=\"column-3\">Saint-Joseph<\/td><td class=\"column-4\">Saint-L\u00e9on<\/td>\n<\/tr>\n<tr class=\"row-3\">\n\t<td class=\"column-1\">Date<\/td><td class=\"column-2\">C\u00e9l\u00e9bration<\/td><td class=\"column-3\">Fichiers pdf\/word<\/td><td class=\"column-4\">Fichiers pdf\/word<\/td>\n<\/tr>\n<tr class=\"row-4\">\n\t<td class=\"column-1\">28 novembre 2021<\/td><td class=\"column-2\">1er dimanche de l'Avent<\/td><td class=\"column-3\"><a href=\"https:\/\/saintjeandelacommanderie.fr\/wp-content\/uploads\/2021\/11\/Feuille-du-28.11.21.pdf\">pdf<\/a>\/<a href=\"https:\/\/saintjeandelacommanderie.fr\/wp-content\/uploads\/2021\/11\/Feuille-du-28.11.21.docx\">w<\/a><\/td><td class=\"column-4\"><a href=\"https:\/\/saintjeandelacommanderie.fr\/wp-content\/uploads\/2021\/11\/28-11-21.pdf\">pdf<\/a>\/<a href=\"https:\/\/saintjeandelacommanderie.fr\/wp-content\/uploads\/2021\/11\/28-11-21.docx\">w<\/a><\/td>\n<\/tr>\n<tr class=\"row-5\">\n\t<td class=\"column-1\">5 d\u00e9cembre 2021<\/td><td class=\"column-2\">2\u00e8me dimanche de l'Avent<\/td><td class=\"column-3\"><a href=\"https:\/\/saintjeandelacommanderie.fr\/wp-content\/uploads\/2021\/12\/Feuille-du-5.12.21.pdf\">pdf<\/a>\/<a href=\"https:\/\/saintjeandelacommanderie.fr\/wp-content\/uploads\/2021\/12\/Feuille-du-5.12.21.docx\">w<\/a><\/td><td class=\"column-4\"><a href=\"https:\/\/saintjeandelacommanderie.fr\/wp-content\/uploads\/2021\/12\/05-12-21-1er-dim.-Avent.pdf\">pdf<\/a>\/<a href=\"https:\/\/saintjeandelacommanderie.fr\/wp-content\/uploads\/2021\/12\/05-12-21-1er-dim.-Avent.docx\">w<\/a><\/td>\n<\/tr>\n<tr class=\"row-6\">\n\t<td class=\"column-1\">12 d\u00e9cembre 2021<\/td><td class=\"column-2\">3\u00e8me dimanche de l'Avent<\/td><td class=\"column-3\"><a href=\"https:\/\/saintjeandelacommanderie.fr\/wp-content\/uploads\/2021\/12\/Messe-en-famille-12-12-21.pdf\">Saint-Joseph<br \/>12 d\u00e9cembre 2021<br \/>messe en famille<\/a><br \/><br \/>\n<a href=\"https:\/\/saintjeandelacommanderie.fr\/wp-content\/uploads\/2021\/12\/Feuille-du-12-12-21.pdf\">pdf<\/a>\/<a href=\"https:\/\/saintjeandelacommanderie.fr\/wp-content\/uploads\/2021\/12\/Feuille-du-12-12-21.docx\">w<\/a><\/td><td class=\"column-4\"><a href=\"https:\/\/saintjeandelacommanderie.fr\/wp-content\/uploads\/2021\/12\/12-12-21-3eme-dim.-Avent.pdf\">pdf<\/a>\/<a href=\"https:\/\/saintjeandelacommanderie.fr\/wp-content\/uploads\/2021\/12\/12-12-21-3eme-dim.-Avent.docx\">w<\/a><\/td>\n<\/tr>\n<tr class=\"row-7\">\n\t<td class=\"column-1\">19 d\u00e9cembre 2021<\/td><td class=\"column-2\">4\u00e8me dimanche de l'Avent<\/td><td class=\"column-3\"><a href=\"https:\/\/saintjeandelacommanderie.fr\/wp-content\/uploads\/2021\/12\/Feuille-du-19.12.21.pdf\">pdf<\/a>\/<a href=\"https:\/\/saintjeandelacommanderie.fr\/wp-content\/uploads\/2021\/12\/Feuille-du-19.12.21.docx\">w<\/a><\/td><td class=\"column-4\"><a href=\"https:\/\/saintjeandelacommanderie.fr\/wp-content\/uploads\/2021\/12\/19-12-21-4eme-dimanche-de-lAvent.pdf\">pdf<\/a>\/<a href=\"https:\/\/saintjeandelacommanderie.fr\/wp-content\/uploads\/2021\/12\/19-12-21-4eme-dimanche-de-lAvent.docx\">w<\/a><\/td>\n<\/tr>\n<tr class=\"row-8\">\n\t<td class=\"column-1\">24 d\u00e9cembre 2021<\/td><td class=\"column-2\">Veill\u00e9e et messe de la nuit de No\u00ebl<\/td><td class=\"column-3\"><a href=\"https:\/\/saintjeandelacommanderie.fr\/wp-content\/uploads\/2021\/12\/Noel-21-Nuit.pdf\">pdf<\/a>\/<a href=\"https:\/\/saintjeandelacommanderie.fr\/wp-content\/uploads\/2021\/12\/Noel-21-Nuit.docx\">w<\/a><\/td><td class=\"column-4\"><a href=\"https:\/\/saintjeandelacommanderie.fr\/wp-content\/uploads\/2021\/12\/24-12-21-Messe-de-la-Nuit.pdf\">Chants Saint-L\u00e9on<br \/>pdf<\/a>\/<a href=\"https:\/\/saintjeandelacommanderie.fr\/wp-content\/uploads\/2021\/12\/24-12-21-Messe-de-la-Nuit.docx\">w<\/a><\/td>\n<\/tr>\n<tr class=\"row-9\">\n\t<td class=\"column-1\">25 d\u00e9cembre 2021<\/td><td class=\"column-2\">Nativit\u00e9 du Seigneur<\/td><td class=\"column-3\">Messe de l'aurore: <a href=\"https:\/\/saintjeandelacommanderie.fr\/wp-content\/uploads\/2021\/12\/Noel-21-Aurore.pdf\">pdf<\/a>\/<a href=\"https:\/\/saintjeandelacommanderie.fr\/wp-content\/uploads\/2021\/12\/Noel-21-Aurore.docx\">w<\/a><\/td><td class=\"column-4\">Messe du jour: <a href=\"https:\/\/saintjeandelacommanderie.fr\/wp-content\/uploads\/2021\/12\/feuille_saint-leon_20211225.pdf\">pdf<\/a>\/<a href=\"https:\/\/saintjeandelacommanderie.fr\/wp-content\/uploads\/2021\/12\/feuille_saint-leon_20211225.docx\">w<\/a><\/td>\n<\/tr>\n<tr class=\"row-10\">\n\t<td class=\"column-1\">26 d\u00e9cembre 2021<\/td><td class=\"column-2\">La Sainte Famille<\/td><td class=\"column-3\"><\/td><td class=\"column-4\"><a href=\"https:\/\/saintjeandelacommanderie.fr\/wp-content\/uploads\/2021\/12\/26-12-21-Sainte-Famille.pdf\">pdf<\/a>\/<a href=\"https:\/\/saintjeandelacommanderie.fr\/wp-content\/uploads\/2021\/12\/26-12-21-Sainte-Famille.docx\">w<\/a><\/td>\n<\/tr>\n<tr class=\"row-11\">\n\t<td class=\"column-1\">1er janvier 2022<\/td><td class=\"column-2\">Sainte Marie M\u00e8re de Dieu<\/td><td class=\"column-3\"><a href=\"https:\/\/saintjeandelacommanderie.fr\/wp-content\/uploads\/2021\/12\/01-01-22-Sainte-Marie-mere-de-Dieu.pdf\">pdf<\/a>\/<a href=\"https:\/\/saintjeandelacommanderie.fr\/wp-content\/uploads\/2021\/12\/01-01-22-Sainte-Marie-mere-de-Dieu.docx\">w<\/a><\/td><td class=\"column-4\"><\/td>\n<\/tr>\n<tr class=\"row-12\">\n\t<td class=\"column-1\">2 janvier 2022<\/td><td class=\"column-2\">\u00c9piphanie du Seigneur<\/td><td class=\"column-3\"><a href=\"https:\/\/saintjeandelacommanderie.fr\/wp-content\/uploads\/2021\/12\/02-01-22-Epiphanie.pdf\">pdf<\/a>\/<a href=\"https:\/\/saintjeandelacommanderie.fr\/wp-content\/uploads\/2021\/12\/02-01-22-Epiphanie.docx\">w<\/a><\/td><td class=\"column-4\"><\/td>\n<\/tr>\n<tr class=\"row-13\">\n\t<td class=\"column-1\">9 janvier 2022<\/td><td class=\"column-2\">Bapt\u00eame du Seigneur<\/td><td class=\"column-3\"><a href=\"https:\/\/saintjeandelacommanderie.fr\/wp-content\/uploads\/2022\/01\/Feuille-du-9.01.22.pdf\">pdf<\/a>\/<a href=\"https:\/\/saintjeandelacommanderie.fr\/wp-content\/uploads\/2022\/01\/Feuille-du-9.01.22.docx\">w<\/a><br \/><br \/>\nMesse en famille: <a href=\"https:\/\/saintjeandelacommanderie.fr\/wp-content\/uploads\/2022\/01\/9-01-22-Messe-en-famille.pdf\">pdf<\/a>\/Word non disponible<\/td><td class=\"column-4\"><a href=\"https:\/\/saintjeandelacommanderie.fr\/wp-content\/uploads\/2022\/01\/09-01-22-Bapteme-du-Seigneur.pdf\">pdf<\/a>\/<a href=\"https:\/\/saintjeandelacommanderie.fr\/wp-content\/uploads\/2022\/01\/09-01-22-Bapteme-du-Seigneur.docx\">w<\/a><\/td>\n<\/tr>\n<tr class=\"row-14\">\n\t<td class=\"column-1\">16 janvier 2022<\/td><td class=\"column-2\">2\u00e8me dimanche du temps ordinaire<\/td><td class=\"column-3\"><a href=\"https:\/\/saintjeandelacommanderie.fr\/wp-content\/uploads\/2022\/01\/Feuille-du-16.01.22.pdf\">pdf<\/a>\/<a href=\"https:\/\/saintjeandelacommanderie.fr\/wp-content\/uploads\/2022\/01\/Feuille-du-16.01.22.docx\">w<\/a><\/td><td class=\"column-4\"><a href=\"https:\/\/saintjeandelacommanderie.fr\/wp-content\/uploads\/2022\/01\/16-01-22.pdf\">pdf<\/a>\/<a href=\"https:\/\/saintjeandelacommanderie.fr\/wp-content\/uploads\/2022\/01\/16-01-22.docx\">w<\/a><\/td>\n<\/tr>\n<tr class=\"row-15\">\n\t<td class=\"column-1\">23 janvier 2022<\/td><td class=\"column-2\">3\u00e8me dimanche du temps ordinaire<\/td><td class=\"column-3\"><a href=\"https:\/\/saintjeandelacommanderie.fr\/wp-content\/uploads\/2022\/01\/Feuille-du-23.01.22.pdf\">pdf<\/a>\/<a href=\"https:\/\/saintjeandelacommanderie.fr\/wp-content\/uploads\/2022\/01\/Feuille-du-23.01.22.docx\">w<\/a><\/td><td class=\"column-4\"><a href=\"https:\/\/saintjeandelacommanderie.fr\/wp-content\/uploads\/2022\/01\/23-01-22.pdf\">pdf<\/a>\/<a href=\"https:\/\/saintjeandelacommanderie.fr\/wp-content\/uploads\/2022\/01\/23-01-22.docx\">w<\/a><\/td>\n<\/tr>\n<tr class=\"row-16\">\n\t<td class=\"column-1\">30 janvier 2022<\/td><td class=\"column-2\">4\u00e8me dimanche du temps ordinaire<\/td><td class=\"column-3\"><a href=\"https:\/\/saintjeandelacommanderie.fr\/wp-content\/uploads\/2022\/01\/Feuille-du-30.01.22.pdf\">pdf<\/a>\/<a href=\"https:\/\/saintjeandelacommanderie.fr\/wp-content\/uploads\/2022\/01\/Feuille-du-30.01.22.docx\">w<\/a><\/td><td class=\"column-4\"><a href=\"https:\/\/saintjeandelacommanderie.fr\/wp-content\/uploads\/2022\/01\/30-01-22.pdf\">pdf<\/a>\/<a href=\"https:\/\/saintjeandelacommanderie.fr\/wp-content\/uploads\/2022\/01\/30-01-22.docx\">w<\/a><\/td>\n<\/tr>\n<tr class=\"row-17\">\n\t<td class=\"column-1\">6 f\u00e9vrier 2022<\/td><td class=\"column-2\">5\u00e8me dimanche du temps ordinaire<\/td><td class=\"column-3\"><a href=\"https:\/\/saintjeandelacommanderie.fr\/wp-content\/uploads\/2022\/02\/Feuille-du-6.02.22.pdf\">pdf<\/a>\/<a href=\"https:\/\/saintjeandelacommanderie.fr\/wp-content\/uploads\/2022\/02\/Feuille-du-6.02.22.docx\">w<\/a><\/td><td class=\"column-4\"><a href=\"https:\/\/saintjeandelacommanderie.fr\/wp-content\/uploads\/2022\/02\/06-02-22.pdf\">pdf<\/a>\/<a href=\"https:\/\/saintjeandelacommanderie.fr\/wp-content\/uploads\/2022\/02\/06-02-22.docx\">w<\/a><\/td>\n<\/tr>\n<tr class=\"row-18\">\n\t<td class=\"column-1\">13 f\u00e9vrier 2022<\/td><td class=\"column-2\">6\u00e8me dimanche du temps ordinaire<\/td><td class=\"column-3\"><a href=\"https:\/\/saintjeandelacommanderie.fr\/wp-content\/uploads\/2022\/02\/Feuille-du-13-02-22-1.pdf\">pdf<\/a>\/<a href=\"https:\/\/saintjeandelacommanderie.fr\/wp-content\/uploads\/2022\/02\/Feuille-du-13-02-22-1.docx\">w<\/a><\/td><td class=\"column-4\"><a href=\"https:\/\/saintjeandelacommanderie.fr\/wp-content\/uploads\/2022\/02\/13-02-22-1.pdf\">pdf<\/a>\/<a href=\"https:\/\/saintjeandelacommanderie.fr\/wp-content\/uploads\/2022\/02\/13-02-22-1.docx\">w<\/a><\/td>\n<\/tr>\n<tr class=\"row-19\">\n\t<td class=\"column-1\">20 f\u00e9vrier 2022<\/td><td class=\"column-2\">7\u00e8me dimanche du temps ordinaire<\/td><td class=\"column-3\"><a href=\"https:\/\/saintjeandelacommanderie.fr\/wp-content\/uploads\/2022\/02\/Feuille-du-20.02.22.pdf\">pdf<\/a>\/<a href=\"https:\/\/saintjeandelacommanderie.fr\/wp-content\/uploads\/2022\/02\/Feuille-du-20.02.22.docx\">w<\/a><\/td><td class=\"column-4\"><a href=\"https:\/\/saintjeandelacommanderie.fr\/wp-content\/uploads\/2022\/02\/20-02-22.pdf\">pdf<\/a>\/<a href=\"https:\/\/saintjeandelacommanderie.fr\/wp-content\/uploads\/2022\/02\/20-02-22.docx\">w<\/a><\/td>\n<\/tr>\n<tr class=\"row-20\">\n\t<td class=\"column-1\">27 f\u00e9vrier 2022<\/td><td class=\"column-2\">8\u00e8me dimanche du temps ordinaire<\/td><td class=\"column-3\"><a href=\"https:\/\/saintjeandelacommanderie.fr\/wp-content\/uploads\/2022\/02\/Feuille-du-27.02.22.pdf\">pdf<\/a>\/<a href=\"https:\/\/saintjeandelacommanderie.fr\/wp-content\/uploads\/2022\/02\/Feuille-du-27.02.22.docx\">w<\/a><br \/><br \/>\nMesse en famille <a href=\"https:\/\/saintjeandelacommanderie.fr\/wp-content\/uploads\/2022\/02\/27-02-22-Messe-en-famile.pdf\">pdf<\/a>\/<a href=\"https:\/\/saintjeandelacommanderie.fr\/wp-content\/uploads\/2022\/02\/27-02-22-Messe-en-famile.docx\">w<\/a><\/td><td class=\"column-4\"><a href=\"https:\/\/saintjeandelacommanderie.fr\/wp-content\/uploads\/2022\/02\/27-02-22.pdf\">pdf<\/a>\/<a href=\"https:\/\/saintjeandelacommanderie.fr\/wp-content\/uploads\/2022\/02\/27-02-22.docx\">w<\/a><\/td>\n<\/tr>\n<tr class=\"row-21\">\n\t<td class=\"column-1\">2 mars 2022<\/td><td class=\"column-2\">Mercredi des cendres<\/td><td class=\"column-3\"><a href=\"https:\/\/saintjeandelacommanderie.fr\/wp-content\/uploads\/2022\/02\/Cendres-22.pdf\">pdf<\/a>\/<a href=\"https:\/\/saintjeandelacommanderie.fr\/wp-content\/uploads\/2022\/02\/Cendres-22.docx\">w<\/a><\/td><td class=\"column-4\">-<\/td>\n<\/tr>\n<tr class=\"row-22\">\n\t<td class=\"column-1\">6 mars 2022<\/td><td class=\"column-2\">1er dimanche de Car\u00eame<\/td><td class=\"column-3\"><a href=\"https:\/\/saintjeandelacommanderie.fr\/wp-content\/uploads\/2022\/03\/Feuille-du-6.03.22.pdf\">pdf<\/a>\/<a href=\"https:\/\/saintjeandelacommanderie.fr\/wp-content\/uploads\/2022\/03\/Feuille-du-6.03.22.docx\">w<\/a><\/td><td class=\"column-4\">Feuille unique pour le temps du Car\u00eame 2022:<br \/><a href=\"https:\/\/saintjeandelacommanderie.fr\/wp-content\/uploads\/2022\/03\/Chants-careme-2022-Saint-Leon.pdf\">pdf<\/a>\/<a href=\"https:\/\/saintjeandelacommanderie.fr\/wp-content\/uploads\/2022\/03\/Chants-careme-2022-Saint-Leon.docx\">w<\/a><\/td>\n<\/tr>\n<tr class=\"row-23\">\n\t<td class=\"column-1\">13 mars 2022<\/td><td class=\"column-2\">2\u00e8me dimanche de Car\u00eame<\/td><td class=\"column-3\"><a href=\"https:\/\/saintjeandelacommanderie.fr\/wp-content\/uploads\/2022\/03\/Feuille-du-13.03.22.pdf\">pdf<\/a>\/<a href=\"https:\/\/saintjeandelacommanderie.fr\/wp-content\/uploads\/2022\/03\/Feuille-du-13.03.22.docx\">w<\/a><\/td><td class=\"column-4\">idem<\/td>\n<\/tr>\n<tr class=\"row-24\">\n\t<td class=\"column-1\">20 mars 2022<\/td><td class=\"column-2\">3\u00e8me dimanche de Car\u00eame<\/td><td class=\"column-3\"><a href=\"https:\/\/saintjeandelacommanderie.fr\/wp-content\/uploads\/2022\/03\/Feuille-du-27.03.22.pdf\">pdf<\/a>\/<a href=\"https:\/\/saintjeandelacommanderie.fr\/wp-content\/uploads\/2022\/03\/Feuille-du-27.03.22.docx\">w<\/a><br \/>Messe en famille: <a href=\"https:\/\/saintjeandelacommanderie.fr\/wp-content\/uploads\/2022\/03\/feuille-du-27-03-22-9h30.pdf\">pdf<\/a><\/td><td class=\"column-4\">idem<\/td>\n<\/tr>\n<tr class=\"row-25\">\n\t<td class=\"column-1\">27 mars 2022<\/td><td class=\"column-2\">4\u00e8me dimanche de Car\u00eame<\/td><td class=\"column-3\"><a href=\"https:\/\/saintjeandelacommanderie.fr\/wp-content\/uploads\/2022\/04\/Feuille-du-3.04.22.pdf\">pdf<\/a>\/<a href=\"https:\/\/saintjeandelacommanderie.fr\/wp-content\/uploads\/2022\/04\/Feuille-du-3.04.22.docx\">w<\/a><\/td><td class=\"column-4\">idem<\/td>\n<\/tr>\n<tr class=\"row-26\">\n\t<td class=\"column-1\">3 avril 2022<\/td><td class=\"column-2\">5\u00e8me dimanche de Car\u00eame<\/td><td class=\"column-3\"><a href=\"https:\/\/saintjeandelacommanderie.fr\/wp-content\/uploads\/2022\/04\/Feuille-du-3.04.22.pdf\">pdf<\/a>\/<a href=\"https:\/\/saintjeandelacommanderie.fr\/wp-content\/uploads\/2022\/04\/Feuille-du-3.04.22.docx\">w<\/a><\/td><td class=\"column-4\">idem<\/td>\n<\/tr>\n<tr class=\"row-27\">\n\t<td class=\"column-1\">10 avril 2022<\/td><td class=\"column-2\">Dimanche des Rameaux et de la Passion<\/td><td class=\"column-3\"><a href=\"https:\/\/saintjeandelacommanderie.fr\/wp-content\/uploads\/2022\/04\/Feuille-du-10-04-22-Rameaux.pdf\">pdf<\/a>\/<a href=\"https:\/\/saintjeandelacommanderie.fr\/wp-content\/uploads\/2022\/04\/Feuille-du-10-04-22-Rameaux.docx\">w<\/a><\/td><td class=\"column-4\"><a href=\"https:\/\/saintjeandelacommanderie.fr\/wp-content\/uploads\/2022\/04\/10-04-22-Rameaux.pdf\">pdf<\/a>\/<a href=\"https:\/\/saintjeandelacommanderie.fr\/wp-content\/uploads\/2022\/04\/10-04-22-Rameaux.docx\">w<\/a><\/td>\n<\/tr>\n<tr class=\"row-28\">\n\t<td class=\"column-1\">14 avril 2022<\/td><td class=\"column-2\">Jeudi Saint: La C\u00e8ne du Seigneur<\/td><td class=\"column-3\"><a href=\"https:\/\/saintjeandelacommanderie.fr\/wp-content\/uploads\/2022\/04\/Jeudi-Saint-2022.pdf\">pdf<\/a>\/<a href=\"https:\/\/saintjeandelacommanderie.fr\/wp-content\/uploads\/2022\/04\/Jeudi-Saint-2022.docx\">w<\/a><\/td><td class=\"column-4\">cf Saint-Joseph<\/td>\n<\/tr>\n<tr class=\"row-29\">\n\t<td class=\"column-1\">15 avril 2022<\/td><td class=\"column-2\">Vendredi Saint: la Passion du Seigneur<\/td><td class=\"column-3\"><\/td><td class=\"column-4\"><a href=\"https:\/\/saintjeandelacommanderie.fr\/wp-content\/uploads\/2022\/04\/15-04-22-Vendredi-saint.pdf\">pdf<\/a>\/<a href=\"https:\/\/saintjeandelacommanderie.fr\/wp-content\/uploads\/2022\/04\/15-04-22-Vendredi-saint.docx\">w<\/a><\/td>\n<\/tr>\n<tr class=\"row-30\">\n\t<td class=\"column-1\">16 avril 2022<\/td><td class=\"column-2\">Veill\u00e9e Pascale<\/td><td class=\"column-3\"><\/td><td class=\"column-4\"><a href=\"https:\/\/saintjeandelacommanderie.fr\/wp-content\/uploads\/2022\/04\/16-04-22-Vigile-pascale.pdf\">pdf<\/a>\/<a href=\"https:\/\/saintjeandelacommanderie.fr\/wp-content\/uploads\/2022\/04\/16-04-22-Vigile-pascale.docx\">w<\/a><\/td>\n<\/tr>\n<tr class=\"row-31\">\n\t<td class=\"column-1\">17 avril 2022<\/td><td class=\"column-2\">Dimanche de P\u00e2ques<\/td><td class=\"column-3\"><a href=\"https:\/\/saintjeandelacommanderie.fr\/wp-content\/uploads\/2022\/04\/17-04-22-Paques-St-Joseph.pdf\">pdf<\/a>\/<a href=\"https:\/\/saintjeandelacommanderie.fr\/wp-content\/uploads\/2022\/04\/17-04-22-Paques-St-Joseph.docx\">w<\/a><\/td><td class=\"column-4\"><a href=\"https:\/\/saintjeandelacommanderie.fr\/wp-content\/uploads\/2022\/04\/17-04-22-Jour-de-Paques.pdf\">pdf<\/a>\/<a href=\"https:\/\/saintjeandelacommanderie.fr\/wp-content\/uploads\/2022\/04\/17-04-22-Jour-de-Paques.docx\">w<\/a><\/td>\n<\/tr>\n<tr class=\"row-32\">\n\t<td class=\"column-1\">24 avril 2022<\/td><td class=\"column-2\">Dimanche de la Divine Mis\u00e9ricorde<\/td><td class=\"column-3\"><a href=\"https:\/\/saintjeandelacommanderie.fr\/wp-content\/uploads\/2022\/04\/Feuille-du-24.04.22.pdf\">pdf<\/a>\/<a href=\"https:\/\/saintjeandelacommanderie.fr\/wp-content\/uploads\/2022\/04\/Feuille-du-24.04.22.docx\">w<\/a><\/td><td class=\"column-4\"><a href=\"https:\/\/saintjeandelacommanderie.fr\/wp-content\/uploads\/2022\/04\/Feuille-de-chants-temps-pascal-2022.pdf\">pdf<\/a>\/<a href=\"https:\/\/saintjeandelacommanderie.fr\/wp-content\/uploads\/2022\/04\/Feuille-de-chants-temps-pascal-2022.docx\">w<\/a><\/td>\n<\/tr>\n<tr class=\"row-33\">\n\t<td class=\"column-1\">1er mai 2022<\/td><td class=\"column-2\">3\u00e8me dimanche de P\u00e2ques<\/td><td class=\"column-3\">n\/a<\/td><td class=\"column-4\"><\/td>\n<\/tr>\n<tr class=\"row-34\">\n\t<td class=\"column-1\">8 mai 2022<\/td><td class=\"column-2\">4\u00e8me dimanche de P\u00e2ques<\/td><td class=\"column-3\"><a href=\"https:\/\/saintjeandelacommanderie.fr\/wp-content\/uploads\/2022\/05\/Feuille-du-8.05.22.pdf\">pdf<\/a>\/<a href=\"https:\/\/saintjeandelacommanderie.fr\/wp-content\/uploads\/2022\/05\/Feuille-du-8.05.22.docx\">w<\/a><\/td><td class=\"column-4\"><\/td>\n<\/tr>\n<tr class=\"row-35\">\n\t<td class=\"column-1\">15 mai 2022<\/td><td class=\"column-2\">5\u00e8me dimanche de P\u00e2ques<\/td><td class=\"column-3\"><a href=\"https:\/\/saintjeandelacommanderie.fr\/wp-content\/uploads\/2022\/05\/Feuille-du-15.05.22.pdf\">pdf<\/a>\/<a href=\"https:\/\/saintjeandelacommanderie.fr\/wp-content\/uploads\/2022\/05\/Feuille-du-15.05.22.docx\">w<\/a><\/td><td class=\"column-4\"><\/td>\n<\/tr>\n<tr class=\"row-36\">\n\t<td class=\"column-1\">22 mai 2022<\/td><td class=\"column-2\">6\u00e8me dimanche de P\u00e2ques<\/td><td class=\"column-3\"><a href=\"https:\/\/saintjeandelacommanderie.fr\/wp-content\/uploads\/2022\/05\/Feuille-du-22.05.22.pdf\">pdf<\/a>\/<a href=\"https:\/\/saintjeandelacommanderie.fr\/wp-content\/uploads\/2022\/05\/Feuille-du-22.05.22.docx\">w<\/a><br \/><br \/>\nMesse en famille:<a href=\"https:\/\/saintjeandelacommanderie.fr\/wp-content\/uploads\/2022\/05\/Messe-en-famille-22-05.pdf\">pdf<\/a><\/td><td class=\"column-4\"><\/td>\n<\/tr>\n<tr class=\"row-37\">\n\t<td class=\"column-1\">26 mai 2022<\/td><td class=\"column-2\">Ascension du Seigneur<\/td><td class=\"column-3\"><\/td><td class=\"column-4\">n\/a<\/td>\n<\/tr>\n<tr class=\"row-38\">\n\t<td class=\"column-1\">29 mai 2022<\/td><td class=\"column-2\">7\u00e8me dimanche de P\u00e2ques<\/td><td class=\"column-3\"><a href=\"https:\/\/saintjeandelacommanderie.fr\/wp-content\/uploads\/2022\/05\/Feuille-du-29.05.22.pdf\">pdf<\/a>\/<a href=\"https:\/\/saintjeandelacommanderie.fr\/wp-content\/uploads\/2022\/05\/Feuille-du-29.05.22.docx\">w<\/a><\/td><td class=\"column-4\"><\/td>\n<\/tr>\n<tr class=\"row-39\">\n\t<td class=\"column-1\">5 juin 2022<\/td><td class=\"column-2\">Pentec\u00f4te<\/td><td class=\"column-3\">n\/a<\/td><td class=\"column-4\"><a href=\"https:\/\/saintjeandelacommanderie.fr\/wp-content\/uploads\/2022\/06\/Solennite-de-la-Pentecote.pdf\">pdf<\/a>\/<a href=\"https:\/\/saintjeandelacommanderie.fr\/wp-content\/uploads\/2022\/06\/Solennite-de-la-Pentecote.docx\">w<\/a><\/td>\n<\/tr>\n<tr class=\"row-40\">\n\t<td class=\"column-1\">12 juin 2022<\/td><td class=\"column-2\">Sainte Trinit\u00e9<\/td><td class=\"column-3\"><\/td><td class=\"column-4\"><\/td>\n<\/tr>\n<tr class=\"row-41\">\n\t<td class=\"column-1\">19 juin 2022<\/td><td class=\"column-2\">Saint Sacrement<\/td><td class=\"column-3\"><\/td><td class=\"column-4\"><\/td>\n<\/tr>\n<tr class=\"row-42\">\n\t<td class=\"column-1\">26 juin 2022<\/td><td class=\"column-2\">13\u00e8me dimanche du temps ordinaire<\/td><td class=\"column-3\"><\/td><td class=\"column-4\"><\/td>\n<\/tr>\n<tr class=\"row-43\">\n\t<td class=\"column-1\">3 juillet 2022<\/td><td class=\"column-2\">14\u00e8me dimanche du temps ordinaire<\/td><td class=\"column-3\"><\/td><td class=\"column-4\"><\/td>\n<\/tr>\n<tr class=\"row-44\">\n\t<td class=\"column-1\">10 juillet 2022<\/td><td class=\"column-2\">15\u00e8me dimanche du temps ordinaire<\/td><td class=\"column-3\"><\/td><td class=\"column-4\"><\/td>\n<\/tr>\n<tr class=\"row-45\">\n\t<td class=\"column-1\">17 juillet 2022<\/td><td class=\"column-2\">16\u00e8me dimanche du temps ordinaire<\/td><td class=\"column-3\"><\/td><td class=\"column-4\"><\/td>\n<\/tr>\n<tr class=\"row-46\">\n\t<td class=\"column-1\">24 juillet 2022<\/td><td class=\"column-2\">17\u00e8me dimanche du temps ordinaire<\/td><td class=\"column-3\"><\/td><td class=\"column-4\"><\/td>\n<\/tr>\n<tr class=\"row-47\">\n\t<td class=\"column-1\">31 juillet 2022<\/td><td class=\"column-2\">18\u00e8me dimanche du temps ordinaire<\/td><td class=\"column-3\"><\/td><td class=\"column-4\"><\/td>\n<\/tr>\n<tr class=\"row-48\">\n\t<td class=\"column-1\">7 ao\u00fbt 2022<\/td><td class=\"column-2\">19\u00e8me dimanche du temps ordinaire<\/td><td class=\"column-3\"><\/td><td class=\"column-4\"><\/td>\n<\/tr>\n<tr class=\"row-49\">\n\t<td class=\"column-1\">14 ao\u00fbt 2022<\/td><td class=\"column-2\">20\u00e8me dimanche du temps ordinaire<\/td><td class=\"column-3\"><\/td><td class=\"column-4\"><\/td>\n<\/tr>\n<tr class=\"row-50\">\n\t<td class=\"column-1\">15 ao\u00fbt 2022<\/td><td class=\"column-2\">Assomption de la Vierge Marie<\/td><td class=\"column-3\"><\/td><td class=\"column-4\"><\/td>\n<\/tr>\n<tr class=\"row-51\">\n\t<td class=\"column-1\">21 ao\u00fbt 2022<\/td><td class=\"column-2\">21\u00e8me dimanche du temps ordinaire<\/td><td class=\"column-3\"><\/td><td class=\"column-4\"><\/td>\n<\/tr>\n<tr class=\"row-52\">\n\t<td class=\"column-1\">28 ao\u00fbt 2022<\/td><td class=\"column-2\">22\u00e8me dimanche du temps ordinaire<\/td><td class=\"column-3\"><\/td><td class=\"column-4\"><\/td>\n<\/tr>\n<tr class=\"row-53\">\n\t<td class=\"column-1\">4 septembre 2022<\/td><td class=\"column-2\">23\u00e8me dimanche du temps ordinaire<\/td><td class=\"column-3\"><\/td><td class=\"column-4\"><\/td>\n<\/tr>\n<tr class=\"row-54\">\n\t<td class=\"column-1\">11 septembre 2022<\/td><td class=\"column-2\">24\u00e8me dimanche du temps ordinaire<\/td><td class=\"column-3\"><\/td><td class=\"column-4\"><\/td>\n<\/tr>\n<tr class=\"row-55\">\n\t<td class=\"column-1\">18 septembre 2022<\/td><td class=\"column-2\">25\u00e8me dimanche du temps ordinaire<\/td><td class=\"column-3\"><\/td><td class=\"column-4\"><\/td>\n<\/tr>\n<tr class=\"row-56\">\n\t<td class=\"column-1\">25 septembre 2022<\/td><td class=\"column-2\">26\u00e8me dimanche du temps ordinaire<\/td><td class=\"column-3\"><\/td><td class=\"column-4\"><\/td>\n<\/tr>\n<tr class=\"row-57\">\n\t<td class=\"column-1\">2 octobre 2022<\/td><td class=\"column-2\">27\u00e8me dimanche du temps ordinaire<\/td><td class=\"column-3\"><\/td><td class=\"column-4\"><\/td>\n<\/tr>\n<tr class=\"row-58\">\n\t<td class=\"column-1\">9 octobre 2022<\/td><td class=\"column-2\">28\u00e8me dimanche du temps ordinaire<\/td><td class=\"column-3\"><\/td><td class=\"column-4\"><\/td>\n<\/tr>\n<tr class=\"row-59\">\n\t<td class=\"column-1\">16 octobre 2022<\/td><td class=\"column-2\">29\u00e8me dimanche du temps ordinaire<\/td><td class=\"column-3\"><\/td><td class=\"column-4\"><\/td>\n<\/tr>\n<tr class=\"row-60\">\n\t<td class=\"column-1\">23 octobre 2022<\/td><td class=\"column-2\">30\u00e8me dimanche du temps ordinaire<\/td><td class=\"column-3\"><\/td><td class=\"column-4\"><\/td>\n<\/tr>\n<tr class=\"row-61\">\n\t<td class=\"column-1\">30 octobre 2022<\/td><td class=\"column-2\">31\u00e8me dimanche du temps ordinaire<\/td><td class=\"column-3\"><\/td><td class=\"column-4\"><\/td>\n<\/tr>\n<tr class=\"row-62\">\n\t<td class=\"column-1\">1er novembre 2022<\/td><td class=\"column-2\">Toussaint<\/td><td class=\"column-3\"><\/td><td class=\"column-4\"><\/td>\n<\/tr>\n<tr class=\"row-63\">\n\t<td class=\"column-1\">2 novembre 2022<\/td><td class=\"column-2\">Fid\u00e8les d\u00e9funts<\/td><td class=\"column-3\"><\/td><td class=\"column-4\"><\/td>\n<\/tr>\n<tr class=\"row-64\">\n\t<td class=\"column-1\">6 novembre 2022<\/td><td class=\"column-2\">32\u00e8me dimanche du temps ordinaire<\/td><td class=\"column-3\"><\/td><td class=\"column-4\"><\/td>\n<\/tr>\n<tr class=\"row-65\">\n\t<td class=\"column-1\">13 novembre 2022<\/td><td class=\"column-2\">33\u00e8me dimanche du temps ordinaire<\/td><td class=\"column-3\"><a href=\"https:\/\/saintjeandelacommanderie.fr\/wp-content\/uploads\/2022\/11\/Messe-en-famille-13-11.pdf\">Messe en famille<br \/>13 novembre 2022<\/a><\/td><td class=\"column-4\"><\/td>\n<\/tr>\n<tr class=\"row-66\">\n\t<td class=\"column-1\">20 novembre 2022<\/td><td class=\"column-2\">Le Christ Roi de l'Univers<\/td><td class=\"column-3\"><\/td><td class=\"column-4\"><a href=\"https:\/\/saintjeandelacommanderie.fr\/wp-content\/uploads\/2022\/11\/20-11-22-Christ-Roi.pdf\">pdf<\/a>\/<a href=\"https:\/\/saintjeandelacommanderie.fr\/wp-content\/uploads\/2022\/11\/20-11-22-Christ-Roi.docx\">w<\/a><\/td>\n<\/tr>\n<\/tbody>\n<\/table>\n<!-- #tablepress-10 from cache -->\n","protected":false},"excerpt":{"rendered":"<p>Retrouvez tous les fichiers dans le tableau de l&rsquo;ann\u00e9e liturgique 2021-2022. Saint-Joseph Saint-L\u00e9on Tableau des fichiers de l&rsquo;ann\u00e9e liturgique 2021-2022.<\/p>\n","protected":false},"author":1,"featured_media":0,"parent":36,"menu_order":0,"comment_status":"closed","ping_status":"closed","template":"","meta":{"footnotes":""},"class_list":["post-4627","page","type-page","status-publish","hentry"],"publishpress_future_workflow_manual_trigger":{"enabledWorkflows":[]},"_links":{"self":[{"href":"https:\/\/saintjeandelacommanderie.fr\/index.php?rest_route=\/wp\/v2\/pages\/4627","targetHints":{"allow":["GET"]}}],"collection":[{"href":"https:\/\/saintjeandelacommanderie.fr\/index.php?rest_route=\/wp\/v2\/pages"}],"about":[{"href":"https:\/\/saintjeandelacommanderie.fr\/index.php?rest_route=\/wp\/v2\/types\/page"}],"author":[{"embeddable":true,"href":"https:\/\/saintjeandelacommanderie.fr\/index.php?rest_route=\/wp\/v2\/users\/1"}],"replies":[{"embeddable":true,"href":"https:\/\/saintjeandelacommanderie.fr\/index.php?rest_route=%2Fwp%2Fv2%2Fcomments&post=4627"}],"version-history":[{"count":18,"href":"https:\/\/saintjeandelacommanderie.fr\/index.php?rest_route=\/wp\/v2\/pages\/4627\/revisions"}],"predecessor-version":[{"id":5206,"href":"https:\/\/saintjeandelacommanderie.fr\/index.php?rest_route=\/wp\/v2\/pages\/4627\/revisions\/5206"}],"up":[{"embeddable":true,"href":"https:\/\/saintjeandelacommanderie.fr\/index.php?rest_route=\/wp\/v2\/pages\/36"}],"wp:attachment":[{"href":"https:\/\/saintjeandelacommanderie.fr\/index.php?rest_route=%2Fwp%2Fv2%2Fmedia&parent=4627"}],"curies":[{"name":"wp","href":"https:\/\/api.w.org\/{rel}","templated":true}]}}