{"id":557,"date":"2017-03-16T17:40:26","date_gmt":"2017-03-16T16:40:26","guid":{"rendered":"http:\/\/saintjeandelacommanderie.fr\/?page_id=557"},"modified":"2022-04-05T18:04:42","modified_gmt":"2022-04-05T16:04:42","slug":"fraternite-paroissiale","status":"publish","type":"page","link":"https:\/\/saintjeandelacommanderie.fr\/?page_id=557","title":{"rendered":"Fraternit\u00e9 paroissiale"},"content":{"rendered":"<h1 style=\"text-align: center;\"><span style=\"color: #008000;\">Fraternit\u00e9 paroissiale<\/span><\/h1>\n<p>Des personnes engag\u00e9es dans la vie de la paroisse ont souhait\u00e9 former un groupe pour porter leurs pr\u00e9occupations pour la paroisse dans la pri\u00e8re et la vie fraternelle.<\/p>\n<p>Cette d\u00e9marche se met en place de la mani\u00e8re suivante:<\/p>\n<ul>\n<li>R\u00e9union mensuelle au presbyt\u00e8re<\/li>\n<li>Prier ensemble<\/li>\n<li>Mieux se conna\u00eetre<\/li>\n<li>S&rsquo;encourager<\/li>\n<li>Partager des informations sur les missions et services avec le Coordinateur Paroissial<\/li>\n<li>S&rsquo;ouvrir \u00e0 tous sur le quartier<\/li>\n<\/ul>\n\n<!-- G\u00e9n\u00e9ration r\u00e9alis\u00e9e avec Document Gallery. Obtenez votre version ici :http:\/\/wordpress.org\/extend\/plugins\/document-gallery -->\n<div id=\"document-gallery-1\" class=\"document-gallery\" data-shortcode='{\"id\":557,\"include\":\"4941\",\"exclude\":\"\",\"columns\":4,\"fancy\":true,\"order\":\"DESC\",\"orderby\":\"post__in\",\"relation\":\"AND\",\"limit\":-1,\"mime_types\":\"application,video,text,audio,image\",\"new_window\":true,\"paginate\":true,\"post_status\":\"any\",\"post_type\":\"attachment\",\"attachment_pg\":false,\"descriptions\":false,\"skip\":0}' style='--dg-icon-width: 24%'>\n<div class='document-icon-row'>\n   <div class=\"document-icon\">\n      <a href=\"https:\/\/saintjeandelacommanderie.fr\/wp-content\/uploads\/2022\/04\/Charte-Creation-Fraternite-Saint-Leon-fevrier-2015.pdf\" target=\"_blank\">\n         <img decoding=\"async\" src=\"https:\/\/saintjeandelacommanderie.fr\/wp-content\/uploads\/2022\/04\/Charte-Creation-Fraternite-Saint-Leon-fevrier-2015-thumb.png\" title=\"Charte Cr\u00e9ation Fraternit\u00e9 Saint L\u00e9on, f\u00e9vrier 2015\" alt=\"Charte Cr\u00e9ation Fraternit\u00e9 Saint L\u00e9on, f\u00e9vrier 2015\" data-ext=\"pdf\"\/>\n         <span class=\"title\">Charte Cr\u00e9ation Fraternit\u00e9 Saint L\u00e9on, f\u00e9vrier 2015<\/span>\n      <\/a>\n   <\/div>\n\n<\/div>\n<\/div>\n<p>Contact\u00a0: St\u00e9phane de Wazi\u00e8res diacre.par t\u00e9l\u00e9phone <img loading=\"lazy\" decoding=\"async\" class=\"alignnone size-medium wp-image-51\" title=\"06.50.83.85.17 ou 03.83.97.00.07\" src=\"https:\/\/saintjeandelacommanderie.fr\/wp-content\/uploads\/2017\/01\/telephone-bleu-300x300.png\" alt=\"06.50.83.85.17 ou 03.83.97.00.07\" width=\"30\" height=\"30\" srcset=\"https:\/\/saintjeandelacommanderie.fr\/wp-content\/uploads\/2017\/01\/telephone-bleu-300x300.png 300w, https:\/\/saintjeandelacommanderie.fr\/wp-content\/uploads\/2017\/01\/telephone-bleu-150x150.png 150w, https:\/\/saintjeandelacommanderie.fr\/wp-content\/uploads\/2017\/01\/telephone-bleu-200x200.png 200w, https:\/\/saintjeandelacommanderie.fr\/wp-content\/uploads\/2017\/01\/telephone-bleu.png 392w\" sizes=\"auto, (max-width: 30px) 100vw, 30px\" \/><\/p>\n","protected":false},"excerpt":{"rendered":"<p>Fraternit\u00e9 paroissiale Des personnes engag\u00e9es dans la vie de la paroisse ont souhait\u00e9 former un groupe pour porter leurs pr\u00e9occupations pour la paroisse dans la pri\u00e8re et la vie fraternelle. Cette d\u00e9marche se met en place de la mani\u00e8re suivante: R\u00e9union mensuelle au presbyt\u00e8re Prier ensemble Mieux se conna\u00eetre S&rsquo;encourager Partager des informations sur les &hellip; <a href=\"https:\/\/saintjeandelacommanderie.fr\/?page_id=557\" class=\"more-link\">Continuer la lecture de <span class=\"screen-reader-text\">Fraternit\u00e9 paroissiale<\/span><\/a><\/p>\n","protected":false},"author":1,"featured_media":0,"parent":27,"menu_order":6,"comment_status":"closed","ping_status":"closed","template":"","meta":{"footnotes":""},"class_list":["post-557","page","type-page","status-publish","hentry"],"publishpress_future_workflow_manual_trigger":{"enabledWorkflows":[]},"_links":{"self":[{"href":"https:\/\/saintjeandelacommanderie.fr\/index.php?rest_route=\/wp\/v2\/pages\/557","targetHints":{"allow":["GET"]}}],"collection":[{"href":"https:\/\/saintjeandelacommanderie.fr\/index.php?rest_route=\/wp\/v2\/pages"}],"about":[{"href":"https:\/\/saintjeandelacommanderie.fr\/index.php?rest_route=\/wp\/v2\/types\/page"}],"author":[{"embeddable":true,"href":"https:\/\/saintjeandelacommanderie.fr\/index.php?rest_route=\/wp\/v2\/users\/1"}],"replies":[{"embeddable":true,"href":"https:\/\/saintjeandelacommanderie.fr\/index.php?rest_route=%2Fwp%2Fv2%2Fcomments&post=557"}],"version-history":[{"count":12,"href":"https:\/\/saintjeandelacommanderie.fr\/index.php?rest_route=\/wp\/v2\/pages\/557\/revisions"}],"predecessor-version":[{"id":4942,"href":"https:\/\/saintjeandelacommanderie.fr\/index.php?rest_route=\/wp\/v2\/pages\/557\/revisions\/4942"}],"up":[{"embeddable":true,"href":"https:\/\/saintjeandelacommanderie.fr\/index.php?rest_route=\/wp\/v2\/pages\/27"}],"wp:attachment":[{"href":"https:\/\/saintjeandelacommanderie.fr\/index.php?rest_route=%2Fwp%2Fv2%2Fmedia&parent=557"}],"curies":[{"name":"wp","href":"https:\/\/api.w.org\/{rel}","templated":true}]}}