{"id":6886,"date":"2025-12-10T16:59:53","date_gmt":"2025-12-10T15:59:53","guid":{"rendered":"https:\/\/saintjeandelacommanderie.fr\/?page_id=6886"},"modified":"2025-12-10T17:07:43","modified_gmt":"2025-12-10T16:07:43","slug":"organisations-de-concerts-et-de-manifestations-a-saint-leon-ix","status":"publish","type":"page","link":"https:\/\/saintjeandelacommanderie.fr\/?page_id=6886","title":{"rendered":"Organisations de concerts et de manifestations \u00e0 Saint-L\u00e9on IX"},"content":{"rendered":"\n<p>L&rsquo;\u00e9glise Saint-L\u00e9on IX peut accueillir des manifestations, concerts, expositions ou conf\u00e9rences, sous certaines conditions&nbsp;:<br>\u2022&nbsp;respect du caract\u00e8re sacr\u00e9 de l&rsquo;\u00e9difice,<br>\u2022&nbsp;non interf\u00e9rence avec les c\u00e9l\u00e9brations ayant lieu habituellement ou occasionnellement dans l&rsquo;\u00e9glise.<br>Ces r\u00e8gles sont d\u00e9taill\u00e9es dans ce <a href=\"https:\/\/saintjeandelacommanderie.fr\/wp-content\/uploads\/2025\/12\/Organisation_concerts.pdf\" data-type=\"attachment\" data-id=\"6892\" target=\"_blank\" rel=\"noreferrer noopener\">document<\/a>.<\/p>\n\n\n\n<p>Si votre demande est accept\u00e9e, on vous fera parvenir un formulaire d\u00e9taill\u00e9 pour l&rsquo;organisation de la manifestation.<\/p>\n\n\n\n<p><strong>L&rsquo;utilisation de l&rsquo;orgue est soumis, dans tous les cas, \u00e0 l&rsquo;autorisation du titulaire.<\/strong><\/p>\n\n\n\n<p>Merci d&rsquo;envoyer vos demandes en utilisant ce formulaire\u00a0:<\/p>\n\n\n\n<div class=\"wpcf7 no-js\" id=\"wpcf7-f6888-o1\" lang=\"fr-FR\" dir=\"ltr\" data-wpcf7-id=\"6888\">\n<div class=\"screen-reader-response\"><p role=\"status\" aria-live=\"polite\" aria-atomic=\"true\"><\/p> <ul><\/ul><\/div>\n<form action=\"\/index.php?rest_route=%2Fwp%2Fv2%2Fpages%2F6886#wpcf7-f6888-o1\" method=\"post\" class=\"wpcf7-form init\" aria-label=\"Formulaire de contact\" novalidate=\"novalidate\" data-status=\"init\">\n<fieldset class=\"hidden-fields-container\"><input type=\"hidden\" name=\"_wpcf7\" value=\"6888\" \/><input type=\"hidden\" name=\"_wpcf7_version\" value=\"6.1.5\" \/><input type=\"hidden\" name=\"_wpcf7_locale\" value=\"fr_FR\" \/><input type=\"hidden\" name=\"_wpcf7_unit_tag\" value=\"wpcf7-f6888-o1\" \/><input type=\"hidden\" name=\"_wpcf7_container_post\" value=\"0\" \/><input type=\"hidden\" name=\"_wpcf7_posted_data_hash\" value=\"\" \/>\n<\/fieldset>\n<p><label> Votre nom<br \/>\n<span class=\"wpcf7-form-control-wrap\" data-name=\"your-name\"><input size=\"40\" maxlength=\"400\" class=\"wpcf7-form-control wpcf7-text wpcf7-validates-as-required\" autocomplete=\"name\" aria-required=\"true\" aria-invalid=\"false\" value=\"\" type=\"text\" name=\"your-name\" \/><\/span> <\/label>\n<\/p>\n<p><label> Votre e-mail<br \/>\n<span class=\"wpcf7-form-control-wrap\" data-name=\"your-email\"><input size=\"40\" maxlength=\"400\" class=\"wpcf7-form-control wpcf7-email wpcf7-validates-as-required wpcf7-text wpcf7-validates-as-email\" autocomplete=\"email\" aria-required=\"true\" aria-invalid=\"false\" value=\"\" type=\"email\" name=\"your-email\" \/><\/span> <\/label>\n<\/p>\n<p><label> Objet<br \/>\n<span class=\"wpcf7-form-control-wrap\" data-name=\"your-subject\"><input size=\"40\" maxlength=\"400\" class=\"wpcf7-form-control wpcf7-text wpcf7-validates-as-required\" aria-required=\"true\" aria-invalid=\"false\" value=\"\" type=\"text\" name=\"your-subject\" \/><\/span> <\/label>\n<\/p>\n<p><label> Votre message (facultatif)<br \/>\n<span class=\"wpcf7-form-control-wrap\" data-name=\"your-message\"><textarea cols=\"40\" rows=\"10\" maxlength=\"2000\" class=\"wpcf7-form-control wpcf7-textarea\" aria-invalid=\"false\" name=\"your-message\"><\/textarea><\/span> <\/label>\n<\/p>\n<p>Merci de recopier ces caract\u00e8res\n<\/p>\n<p><input type=\"hidden\" name=\"_wpcf7_captcha_challenge_captcha-567\" value=\"2407007610\" \/><img loading=\"lazy\" decoding=\"async\" class=\"wpcf7-form-control wpcf7-captchac wpcf7-captcha-captcha-567\" width=\"72\" height=\"24\" alt=\"captcha\" src=\"https:\/\/saintjeandelacommanderie.fr\/wp-content\/uploads\/wpcf7_captcha\/2407007610.png\" \/><span class=\"wpcf7-form-control-wrap\" data-name=\"captcha-567\"><input size=\"40\" class=\"wpcf7-form-control wpcf7-captchar\" autocomplete=\"off\" aria-invalid=\"false\" value=\"\" type=\"text\" name=\"captcha-567\" \/><\/span>\n<\/p>\n<p><input class=\"wpcf7-form-control wpcf7-submit has-spinner\" type=\"submit\" value=\"Envoyer\" \/>\n<\/p><div class=\"wpcf7-response-output\" aria-hidden=\"true\"><\/div>\n<\/form>\n<\/div>\n\n\n\n\n<p><\/p>\n","protected":false},"excerpt":{"rendered":"<p>L&rsquo;\u00e9glise Saint-L\u00e9on IX peut accueillir des manifestations, concerts, expositions ou conf\u00e9rences, sous certaines conditions&nbsp;:\u2022&nbsp;respect du caract\u00e8re sacr\u00e9 de l&rsquo;\u00e9difice,\u2022&nbsp;non interf\u00e9rence avec les c\u00e9l\u00e9brations ayant lieu habituellement ou occasionnellement dans l&rsquo;\u00e9glise.Ces r\u00e8gles sont d\u00e9taill\u00e9es dans ce document. Si votre demande est accept\u00e9e, on vous fera parvenir un formulaire d\u00e9taill\u00e9 pour l&rsquo;organisation de la manifestation. L&rsquo;utilisation de &hellip; <a href=\"https:\/\/saintjeandelacommanderie.fr\/?page_id=6886\" class=\"more-link\">Continuer la lecture de <span class=\"screen-reader-text\">Organisations de concerts et de manifestations \u00e0 Saint-L\u00e9on IX<\/span><\/a><\/p>\n","protected":false},"author":1,"featured_media":0,"parent":0,"menu_order":0,"comment_status":"closed","ping_status":"closed","template":"","meta":{"footnotes":""},"class_list":["post-6886","page","type-page","status-publish","hentry"],"publishpress_future_workflow_manual_trigger":{"enabledWorkflows":[]},"_links":{"self":[{"href":"https:\/\/saintjeandelacommanderie.fr\/index.php?rest_route=\/wp\/v2\/pages\/6886","targetHints":{"allow":["GET"]}}],"collection":[{"href":"https:\/\/saintjeandelacommanderie.fr\/index.php?rest_route=\/wp\/v2\/pages"}],"about":[{"href":"https:\/\/saintjeandelacommanderie.fr\/index.php?rest_route=\/wp\/v2\/types\/page"}],"author":[{"embeddable":true,"href":"https:\/\/saintjeandelacommanderie.fr\/index.php?rest_route=\/wp\/v2\/users\/1"}],"replies":[{"embeddable":true,"href":"https:\/\/saintjeandelacommanderie.fr\/index.php?rest_route=%2Fwp%2Fv2%2Fcomments&post=6886"}],"version-history":[{"count":5,"href":"https:\/\/saintjeandelacommanderie.fr\/index.php?rest_route=\/wp\/v2\/pages\/6886\/revisions"}],"predecessor-version":[{"id":6895,"href":"https:\/\/saintjeandelacommanderie.fr\/index.php?rest_route=\/wp\/v2\/pages\/6886\/revisions\/6895"}],"wp:attachment":[{"href":"https:\/\/saintjeandelacommanderie.fr\/index.php?rest_route=%2Fwp%2Fv2%2Fmedia&parent=6886"}],"curies":[{"name":"wp","href":"https:\/\/api.w.org\/{rel}","templated":true}]}}