{"id":69,"date":"2021-10-22T14:00:00","date_gmt":"2021-10-22T12:00:00","guid":{"rendered":"http:\/\/saintjeandelacommanderie.fr\/?page_id=69"},"modified":"2022-11-17T14:18:28","modified_gmt":"2022-11-17T13:18:28","slug":"annee-liturgique-2016-2017-feuilles-de-chant","status":"publish","type":"page","link":"https:\/\/saintjeandelacommanderie.fr\/?page_id=69","title":{"rendered":"Ann\u00e9e liturgique 2021-2022 feuilles de chant"},"content":{"rendered":"<p><span style=\"color: #0000ff;\">Les feuilles du trimestre en cours.<\/span><br \/><strong>Feuilles de Saint-Joseph<\/strong><\/p>\n\n<!-- G\u00e9n\u00e9ration r\u00e9alis\u00e9e avec Document Gallery. Obtenez votre version ici :http:\/\/wordpress.org\/extend\/plugins\/document-gallery -->\n<div id=\"document-gallery-1\" class=\"document-gallery\" data-shortcode='{\"id\":69,\"include\":\"4640,4666,4688,4687,4702,4748,4704,4708,4712,4714,4745,4760,4776,4797,4810,4825,4848,4861,4856,4868,4881,4892,4904,4915,4913,4929,4947,4953,4957,4988,5003,5014,5024,5025,5038,5067,5189\",\"exclude\":\"\",\"columns\":4,\"fancy\":true,\"order\":\"ASC\",\"orderby\":\"date\",\"relation\":\"AND\",\"limit\":-1,\"mime_types\":\"application,video,text,audio,image\",\"new_window\":true,\"paginate\":true,\"post_status\":\"any\",\"post_type\":\"attachment\",\"attachment_pg\":false,\"descriptions\":false,\"skip\":0}' style='--dg-icon-width: 24%'>\n<div class='document-icon-row'>\n   <div class=\"document-icon\">\n      <a href=\"https:\/\/saintjeandelacommanderie.fr\/wp-content\/uploads\/2021\/11\/Feuille-du-28.11.21.pdf\" target=\"_blank\">\n         <img decoding=\"async\" src=\"https:\/\/saintjeandelacommanderie.fr\/wp-content\/uploads\/2021\/11\/Feuille-du-28-11-21-thumb.png\" title=\"Chants Saint-Joseph28 novembre 2021\" alt=\"Chants Saint-Joseph28 novembre 2021\" data-ext=\"pdf\"\/>\n         <span class=\"title\">Chants Saint-Joseph<br \/>28 novembre 2021<\/span>\n      <\/a>\n   <\/div>\n   <div class=\"document-icon\">\n      <a href=\"https:\/\/saintjeandelacommanderie.fr\/wp-content\/uploads\/2021\/12\/Feuille-du-5.12.21.pdf\" target=\"_blank\">\n         <img decoding=\"async\" src=\"https:\/\/saintjeandelacommanderie.fr\/wp-content\/uploads\/2021\/12\/Feuille-du-5-12-21-thumb.png\" title=\"Chants Saint-Joseph5 d\u00e9cembre 2021\" alt=\"Chants Saint-Joseph5 d\u00e9cembre 2021\" data-ext=\"pdf\"\/>\n         <span class=\"title\">Chants Saint-Joseph<br \/>5 d\u00e9cembre 2021<\/span>\n      <\/a>\n   <\/div>\n   <div class=\"document-icon\">\n      <a href=\"https:\/\/saintjeandelacommanderie.fr\/wp-content\/uploads\/2021\/12\/Feuille-du-12-12-21.pdf\" target=\"_blank\">\n         <img decoding=\"async\" src=\"https:\/\/saintjeandelacommanderie.fr\/wp-content\/uploads\/2021\/12\/Feuille-du-12-12-21-thumb.png\" title=\"Chants Saint-Joseph12 d\u00e9cembre 2021\" alt=\"Chants Saint-Joseph12 d\u00e9cembre 2021\" data-ext=\"pdf\"\/>\n         <span class=\"title\">Chants Saint-Joseph<br \/>12 d\u00e9cembre 2021<\/span>\n      <\/a>\n   <\/div>\n   <div class=\"document-icon\">\n      <a href=\"https:\/\/saintjeandelacommanderie.fr\/wp-content\/uploads\/2021\/12\/Messe-en-famille-12-12-21.pdf\" target=\"_blank\">\n         <img decoding=\"async\" src=\"https:\/\/saintjeandelacommanderie.fr\/wp-content\/uploads\/2021\/12\/Messe-en-famille-12-12-21-thumb.png\" title=\"Saint-Joseph12 d\u00e9cembre 2021messe en famille\" alt=\"Saint-Joseph12 d\u00e9cembre 2021messe en famille\" data-ext=\"pdf\"\/>\n         <span class=\"title\">Saint-Joseph<br \/>12 d\u00e9cembre 2021<br \/>messe en famille<\/span>\n      <\/a>\n   <\/div>\n\n<\/div>\n<div class='document-icon-row'>\n   <div class=\"document-icon\">\n      <a href=\"https:\/\/saintjeandelacommanderie.fr\/wp-content\/uploads\/2021\/12\/Feuille-du-19.12.21.pdf\" target=\"_blank\">\n         <img decoding=\"async\" src=\"https:\/\/saintjeandelacommanderie.fr\/wp-content\/uploads\/2021\/12\/Feuille-du-19-12-21-thumb.png\" title=\"Chants Saint-Joseph19 d\u00e9cembre 2021\" alt=\"Chants Saint-Joseph19 d\u00e9cembre 2021\" data-ext=\"pdf\"\/>\n         <span class=\"title\">Chants Saint-Joseph<br \/>19 d\u00e9cembre 2021<\/span>\n      <\/a>\n   <\/div>\n   <div class=\"document-icon\">\n      <a href=\"https:\/\/saintjeandelacommanderie.fr\/wp-content\/uploads\/2021\/12\/Noel-21-Nuit.pdf\" target=\"_blank\">\n         <img decoding=\"async\" src=\"https:\/\/saintjeandelacommanderie.fr\/wp-content\/uploads\/2021\/12\/Noel-21-Nuit-thumb.png\" title=\"Chants Saint-Joseph24 d\u00e9cembre 2021Messe de la nuit de No\u00ebl\" alt=\"Chants Saint-Joseph24 d\u00e9cembre 2021Messe de la nuit de No\u00ebl\" data-ext=\"pdf\"\/>\n         <span class=\"title\">Chants Saint-Joseph<br \/>24 d\u00e9cembre 2021<br \/>Messe de la nuit de No\u00ebl<\/span>\n      <\/a>\n   <\/div>\n   <div class=\"document-icon\">\n      <a href=\"https:\/\/saintjeandelacommanderie.fr\/wp-content\/uploads\/2021\/12\/Noel-21-Aurore.pdf\" target=\"_blank\">\n         <img decoding=\"async\" src=\"https:\/\/saintjeandelacommanderie.fr\/wp-content\/uploads\/2021\/12\/Noel-21-Aurore-thumb.png\" title=\"Chants Saint-Joseph25 d\u00e9cembre 2021Messe de l&rsquo;aurore\" alt=\"Chants Saint-Joseph25 d\u00e9cembre 2021Messe de l&rsquo;aurore\" data-ext=\"pdf\"\/>\n         <span class=\"title\">Chants Saint-Joseph<br \/>25 d\u00e9cembre 2021<br \/>Messe de l&rsquo;aurore<\/span>\n      <\/a>\n   <\/div>\n   <div class=\"document-icon\">\n      <a href=\"https:\/\/saintjeandelacommanderie.fr\/wp-content\/uploads\/2021\/12\/01-01-22-Sainte-Marie-mere-de-Dieu.pdf\" target=\"_blank\">\n         <img decoding=\"async\" src=\"https:\/\/saintjeandelacommanderie.fr\/wp-content\/uploads\/2021\/12\/01-01-22-Sainte-Marie-mere-de-Dieu-thumb.png\" title=\"Chants Saint-Joseph1er janvier 2022\" alt=\"Chants Saint-Joseph1er janvier 2022\" data-ext=\"pdf\"\/>\n         <span class=\"title\">Chants Saint-Joseph<br \/>1<sup>er<\/sup> janvier 2022<\/span>\n      <\/a>\n   <\/div>\n\n<\/div>\n<div class='document-icon-row'>\n   <div class=\"document-icon\">\n      <a href=\"https:\/\/saintjeandelacommanderie.fr\/wp-content\/uploads\/2021\/12\/02-01-22-Epiphanie.pdf\" target=\"_blank\">\n         <img decoding=\"async\" src=\"https:\/\/saintjeandelacommanderie.fr\/wp-content\/uploads\/2021\/12\/02-01-22-Epiphanie-thumb.png\" title=\"Chants Saint-Joseph\u00c9piphanie2 janvier 2022\" alt=\"Chants Saint-Joseph\u00c9piphanie2 janvier 2022\" data-ext=\"pdf\"\/>\n         <span class=\"title\">Chants Saint-Joseph<br \/>\u00c9piphanie<br \/>2 janvier 2022<\/span>\n      <\/a>\n   <\/div>\n   <div class=\"document-icon\">\n      <a href=\"https:\/\/saintjeandelacommanderie.fr\/wp-content\/uploads\/2022\/01\/9-01-22-Messe-en-famille.pdf\" target=\"_blank\">\n         <img decoding=\"async\" src=\"https:\/\/saintjeandelacommanderie.fr\/wp-content\/uploads\/2022\/01\/9-01-22-Messe-en-famille-thumb.png\" title=\"Messe en familleSaint-Joseph9 janvier 2022\" alt=\"Messe en familleSaint-Joseph9 janvier 2022\" data-ext=\"pdf\"\/>\n         <span class=\"title\">Messe en famille<br \/>Saint-Joseph<br \/>9 janvier 2022<\/span>\n      <\/a>\n   <\/div>\n   <div class=\"document-icon\">\n      <a href=\"https:\/\/saintjeandelacommanderie.fr\/wp-content\/uploads\/2022\/01\/Feuille-du-9.01.22.pdf\" target=\"_blank\">\n         <img decoding=\"async\" src=\"https:\/\/saintjeandelacommanderie.fr\/wp-content\/uploads\/2022\/01\/Feuille-du-9-01-22-thumb.png\" title=\"Chants Saint-Joseph9 janvier 2022\" alt=\"Chants Saint-Joseph9 janvier 2022\" data-ext=\"pdf\"\/>\n         <span class=\"title\">Chants Saint-Joseph<br \/>9 janvier 2022<\/span>\n      <\/a>\n   <\/div>\n   <div class=\"document-icon\">\n      <a href=\"https:\/\/saintjeandelacommanderie.fr\/wp-content\/uploads\/2022\/01\/Feuille-du-16.01.22.pdf\" target=\"_blank\">\n         <img decoding=\"async\" src=\"https:\/\/saintjeandelacommanderie.fr\/wp-content\/uploads\/2022\/01\/Feuille-du-16-01-22-thumb.png\" title=\"Chants Saint-Joseph16 janvier 2022\" alt=\"Chants Saint-Joseph16 janvier 2022\" data-ext=\"pdf\"\/>\n         <span class=\"title\">Chants Saint-Joseph<br \/>16 janvier 2022<\/span>\n      <\/a>\n   <\/div>\n\n<\/div>\n<div class='document-icon-row'>\n   <div class=\"document-icon\">\n      <a href=\"https:\/\/saintjeandelacommanderie.fr\/wp-content\/uploads\/2022\/01\/Feuille-du-23.01.22.pdf\" target=\"_blank\">\n         <img decoding=\"async\" src=\"https:\/\/saintjeandelacommanderie.fr\/wp-content\/uploads\/2022\/01\/Feuille-du-23-01-22-thumb.png\" title=\"Chants Saint-Joseph23 janvier 2022\" alt=\"Chants Saint-Joseph23 janvier 2022\" data-ext=\"pdf\"\/>\n         <span class=\"title\">Chants Saint-Joseph<br \/>23 janvier 2022<\/span>\n      <\/a>\n   <\/div>\n   <div class=\"document-icon\">\n      <a href=\"https:\/\/saintjeandelacommanderie.fr\/wp-content\/uploads\/2022\/01\/Feuille-du-30.01.22.pdf\" target=\"_blank\">\n         <img decoding=\"async\" src=\"https:\/\/saintjeandelacommanderie.fr\/wp-content\/uploads\/2022\/01\/Feuille-du-30-01-22-thumb.png\" title=\"Chants Saint-Joseph30 janvier 2022\" alt=\"Chants Saint-Joseph30 janvier 2022\" data-ext=\"pdf\"\/>\n         <span class=\"title\">Chants Saint-Joseph<br \/>30 janvier 2022<\/span>\n      <\/a>\n   <\/div>\n   <div class=\"document-icon\">\n      <a href=\"https:\/\/saintjeandelacommanderie.fr\/wp-content\/uploads\/2022\/02\/Feuille-du-6.02.22.pdf\" target=\"_blank\">\n         <img decoding=\"async\" src=\"https:\/\/saintjeandelacommanderie.fr\/wp-content\/uploads\/2022\/02\/Feuille-du-6-02-22-thumb.png\" title=\"Chants Saint-Joseph6 f\u00e9vrier 2022\" alt=\"Chants Saint-Joseph6 f\u00e9vrier 2022\" data-ext=\"pdf\"\/>\n         <span class=\"title\">Chants Saint-Joseph<br \/>6 f\u00e9vrier 2022<\/span>\n      <\/a>\n   <\/div>\n   <div class=\"document-icon\">\n      <a href=\"https:\/\/saintjeandelacommanderie.fr\/wp-content\/uploads\/2022\/02\/Feuille-du-13-02-22-1.pdf\" target=\"_blank\">\n         <img decoding=\"async\" src=\"https:\/\/saintjeandelacommanderie.fr\/wp-content\/uploads\/2022\/02\/Feuille-du-13-02-22-1-thumb.png\" title=\"Chants Saint-Joseph13 f\u00e9vrier 2022\" alt=\"Chants Saint-Joseph13 f\u00e9vrier 2022\" data-ext=\"pdf\"\/>\n         <span class=\"title\">Chants Saint-Joseph<br \/>13 f\u00e9vrier 2022<\/span>\n      <\/a>\n   <\/div>\n\n<\/div>\n<div class='document-icon-row'>\n   <div class=\"document-icon\">\n      <a href=\"https:\/\/saintjeandelacommanderie.fr\/wp-content\/uploads\/2022\/02\/Feuille-du-20.02.22.pdf\" target=\"_blank\">\n         <img decoding=\"async\" src=\"https:\/\/saintjeandelacommanderie.fr\/wp-content\/uploads\/2022\/02\/Feuille-du-20-02-22-thumb.png\" title=\"Chants Saint-Joseph20 f\u00e9vrier 2022\" alt=\"Chants Saint-Joseph20 f\u00e9vrier 2022\" data-ext=\"pdf\"\/>\n         <span class=\"title\">Chants Saint-Joseph<br \/>20 f\u00e9vrier 2022<\/span>\n      <\/a>\n   <\/div>\n   <div class=\"document-icon\">\n      <a href=\"https:\/\/saintjeandelacommanderie.fr\/wp-content\/uploads\/2022\/02\/27-02-22-Messe-en-famile.pdf\" target=\"_blank\">\n         <img decoding=\"async\" src=\"https:\/\/saintjeandelacommanderie.fr\/wp-content\/uploads\/2022\/02\/27-02-22-Messe-en-famile-thumb.png\" title=\"Messe en famille27 f\u00e9vrier 2022\" alt=\"Messe en famille27 f\u00e9vrier 2022\" data-ext=\"pdf\"\/>\n         <span class=\"title\">Messe en famille<br \/>27 f\u00e9vrier 2022<\/span>\n      <\/a>\n   <\/div>\n   <div class=\"document-icon\">\n      <a href=\"https:\/\/saintjeandelacommanderie.fr\/wp-content\/uploads\/2022\/02\/Feuille-du-27.02.22.pdf\" target=\"_blank\">\n         <img decoding=\"async\" src=\"https:\/\/saintjeandelacommanderie.fr\/wp-content\/uploads\/2022\/02\/Feuille-du-27-02-22-thumb.png\" title=\"Chants Saint-Joseph27 f\u00e9vrier 2022\" alt=\"Chants Saint-Joseph27 f\u00e9vrier 2022\" data-ext=\"pdf\"\/>\n         <span class=\"title\">Chants Saint-Joseph<br \/>27 f\u00e9vrier 2022<\/span>\n      <\/a>\n   <\/div>\n   <div class=\"document-icon\">\n      <a href=\"https:\/\/saintjeandelacommanderie.fr\/wp-content\/uploads\/2022\/02\/Cendres-22.pdf\" target=\"_blank\">\n         <img decoding=\"async\" src=\"https:\/\/saintjeandelacommanderie.fr\/wp-content\/uploads\/2022\/02\/Cendres-22-thumb.png\" title=\"Chants Saint-Joseph2 mars 2022 &#8211; Cendres\" alt=\"Chants Saint-Joseph2 mars 2022 &#8211; Cendres\" data-ext=\"pdf\"\/>\n         <span class=\"title\">Chants Saint-Joseph<br \/>2 mars 2022 &#8211; Cendres<\/span>\n      <\/a>\n   <\/div>\n\n<\/div>\n<div class='document-icon-row'>\n   <div class=\"document-icon\">\n      <a href=\"https:\/\/saintjeandelacommanderie.fr\/wp-content\/uploads\/2022\/03\/Feuille-du-6.03.22.pdf\" target=\"_blank\">\n         <img decoding=\"async\" src=\"https:\/\/saintjeandelacommanderie.fr\/wp-content\/uploads\/2022\/03\/Feuille-du-6-03-22-thumb.png\" title=\"Chants Saint-Joseph6 mars 2022\" alt=\"Chants Saint-Joseph6 mars 2022\" data-ext=\"pdf\"\/>\n         <span class=\"title\">Chants Saint-Joseph<br \/>6 mars 2022<\/span>\n      <\/a>\n   <\/div>\n   <div class=\"document-icon\">\n      <a href=\"https:\/\/saintjeandelacommanderie.fr\/wp-content\/uploads\/2022\/03\/Feuille-du-13.03.22.pdf\" target=\"_blank\">\n         <img decoding=\"async\" src=\"https:\/\/saintjeandelacommanderie.fr\/wp-content\/uploads\/2022\/03\/Feuille-du-13-03-22-thumb.png\" title=\"Chants Saint-Joseph12 mars 2022\" alt=\"Chants Saint-Joseph12 mars 2022\" data-ext=\"pdf\"\/>\n         <span class=\"title\">Chants Saint-Joseph<br \/>12 mars 2022<\/span>\n      <\/a>\n   <\/div>\n   <div class=\"document-icon\">\n      <a href=\"https:\/\/saintjeandelacommanderie.fr\/wp-content\/uploads\/2022\/03\/Feuille-du-20.03.22.pdf\" target=\"_blank\">\n         <img decoding=\"async\" src=\"https:\/\/saintjeandelacommanderie.fr\/wp-content\/uploads\/2022\/03\/Feuille-du-20-03-22-thumb.png\" title=\"Chants Saint-Joseph20 mars 2022\" alt=\"Chants Saint-Joseph20 mars 2022\" data-ext=\"pdf\"\/>\n         <span class=\"title\">Chants Saint-Joseph<br \/>20 mars 2022<\/span>\n      <\/a>\n   <\/div>\n   <div class=\"document-icon\">\n      <a href=\"https:\/\/saintjeandelacommanderie.fr\/wp-content\/uploads\/2022\/03\/feuille-du-27-03-22-9h30.pdf\" target=\"_blank\">\n         <img decoding=\"async\" src=\"https:\/\/saintjeandelacommanderie.fr\/wp-content\/uploads\/2022\/03\/feuille-du-27-03-22-9h30-thumb.png\" title=\"Chants Saint-JosephMesse en famille27 mars 2022\" alt=\"Chants Saint-JosephMesse en famille27 mars 2022\" data-ext=\"pdf\"\/>\n         <span class=\"title\">Chants Saint-Joseph<br \/>Messe en famille<br \/>27 mars 2022<\/span>\n      <\/a>\n   <\/div>\n\n<\/div>\n<div class='document-icon-row'>\n   <div class=\"document-icon\">\n      <a href=\"https:\/\/saintjeandelacommanderie.fr\/wp-content\/uploads\/2022\/03\/Feuille-du-27.03.22.pdf\" target=\"_blank\">\n         <img decoding=\"async\" src=\"https:\/\/saintjeandelacommanderie.fr\/wp-content\/uploads\/2022\/03\/Feuille-du-27-03-22-thumb.png\" title=\"Chants Saint-Joseph27 mars 2022\" alt=\"Chants Saint-Joseph27 mars 2022\" data-ext=\"pdf\"\/>\n         <span class=\"title\">Chants Saint-Joseph<br \/>27 mars 2022<\/span>\n      <\/a>\n   <\/div>\n   <div class=\"document-icon\">\n      <a href=\"https:\/\/saintjeandelacommanderie.fr\/wp-content\/uploads\/2022\/04\/Feuille-du-3.04.22.pdf\" target=\"_blank\">\n         <img decoding=\"async\" src=\"https:\/\/saintjeandelacommanderie.fr\/wp-content\/uploads\/2022\/04\/Feuille-du-3-04-22-thumb.png\" title=\"Chants Saint-Joseph3 avril 2022\" alt=\"Chants Saint-Joseph3 avril 2022\" data-ext=\"pdf\"\/>\n         <span class=\"title\">Chants Saint-Joseph<br \/>3 avril 2022<\/span>\n      <\/a>\n   <\/div>\n   <div class=\"document-icon\">\n      <a href=\"https:\/\/saintjeandelacommanderie.fr\/wp-content\/uploads\/2022\/04\/Feuille-du-10-04-22-Rameaux.pdf\" target=\"_blank\">\n         <img decoding=\"async\" src=\"https:\/\/saintjeandelacommanderie.fr\/wp-content\/uploads\/2022\/04\/Feuille-du-10-04-22-Rameaux-thumb.png\" title=\"Chants Saint-Joseph10 avril 2022Rameaux\" alt=\"Chants Saint-Joseph10 avril 2022Rameaux\" data-ext=\"pdf\"\/>\n         <span class=\"title\">Chants Saint-Joseph<br \/>10 avril 2022<br \/>Rameaux<\/span>\n      <\/a>\n   <\/div>\n   <div class=\"document-icon\">\n      <a href=\"https:\/\/saintjeandelacommanderie.fr\/wp-content\/uploads\/2022\/04\/Jeudi-Saint-2022.pdf\" target=\"_blank\">\n         <img decoding=\"async\" src=\"https:\/\/saintjeandelacommanderie.fr\/wp-content\/uploads\/2022\/04\/Jeudi-Saint-2022-thumb.png\" title=\"Chants Saint-Joseph14 avril 2022Jeudi Saint\" alt=\"Chants Saint-Joseph14 avril 2022Jeudi Saint\" data-ext=\"pdf\"\/>\n         <span class=\"title\">Chants Saint-Joseph<br \/>14 avril 2022<br \/>Jeudi Saint<\/span>\n      <\/a>\n   <\/div>\n\n<\/div>\n<div class='document-icon-row'>\n   <div class=\"document-icon\">\n      <a href=\"https:\/\/saintjeandelacommanderie.fr\/wp-content\/uploads\/2022\/04\/17-04-22-Paques-St-Joseph.pdf\" target=\"_blank\">\n         <img decoding=\"async\" src=\"https:\/\/saintjeandelacommanderie.fr\/wp-content\/uploads\/2022\/04\/17-04-22-Paques-St-Joseph-thumb.png\" title=\"Chants Saint-Joseph17 avril 2022P\u00e2ques\" alt=\"Chants Saint-Joseph17 avril 2022P\u00e2ques\" data-ext=\"pdf\"\/>\n         <span class=\"title\">Chants Saint-Joseph<br \/>17 avril 2022<br \/>P\u00e2ques<\/span>\n      <\/a>\n   <\/div>\n   <div class=\"document-icon\">\n      <a href=\"https:\/\/saintjeandelacommanderie.fr\/wp-content\/uploads\/2022\/04\/Feuille-du-24.04.22.pdf\" target=\"_blank\">\n         <img decoding=\"async\" src=\"https:\/\/saintjeandelacommanderie.fr\/wp-content\/uploads\/2022\/04\/Feuille-du-24-04-22-thumb.png\" title=\"Chants Saint-Joseph24 avril 2022\" alt=\"Chants Saint-Joseph24 avril 2022\" data-ext=\"pdf\"\/>\n         <span class=\"title\">Chants Saint-Joseph<br \/>24 avril 2022<\/span>\n      <\/a>\n   <\/div>\n   <div class=\"document-icon\">\n      <a href=\"https:\/\/saintjeandelacommanderie.fr\/wp-content\/uploads\/2022\/05\/Feuille-du-8.05.22.pdf\" target=\"_blank\">\n         <img decoding=\"async\" src=\"https:\/\/saintjeandelacommanderie.fr\/wp-content\/uploads\/2022\/05\/Feuille-du-8-05-22-thumb.png\" title=\"Chants Saint-Joseph8 mai 2022\" alt=\"Chants Saint-Joseph8 mai 2022\" data-ext=\"pdf\"\/>\n         <span class=\"title\">Chants Saint-Joseph<br \/>8 mai 2022<\/span>\n      <\/a>\n   <\/div>\n   <div class=\"document-icon\">\n      <a href=\"https:\/\/saintjeandelacommanderie.fr\/wp-content\/uploads\/2022\/05\/Feuille-du-15.05.22.pdf\" target=\"_blank\">\n         <img decoding=\"async\" src=\"https:\/\/saintjeandelacommanderie.fr\/wp-content\/uploads\/2022\/05\/Feuille-du-15-05-22-thumb.png\" title=\"Chants Saint-Joseph15 mai 2022\" alt=\"Chants Saint-Joseph15 mai 2022\" data-ext=\"pdf\"\/>\n         <span class=\"title\">Chants Saint-Joseph<br \/>15 mai 2022<\/span>\n      <\/a>\n   <\/div>\n\n<\/div>\n<div class='document-icon-row'>\n   <div class=\"document-icon\">\n      <a href=\"https:\/\/saintjeandelacommanderie.fr\/wp-content\/uploads\/2022\/05\/Feuille-du-22.05.22.pdf\" target=\"_blank\">\n         <img decoding=\"async\" src=\"https:\/\/saintjeandelacommanderie.fr\/wp-content\/uploads\/2022\/05\/Feuille-du-22-05-22-thumb.png\" title=\"Chants Saint-Joseph22 mai 2022\" alt=\"Chants Saint-Joseph22 mai 2022\" data-ext=\"pdf\"\/>\n         <span class=\"title\">Chants Saint-Joseph<br \/>22 mai 2022<\/span>\n      <\/a>\n   <\/div>\n   <div class=\"document-icon\">\n      <a href=\"https:\/\/saintjeandelacommanderie.fr\/wp-content\/uploads\/2022\/05\/Messe-en-famille-22-05.pdf\" target=\"_blank\">\n         <img decoding=\"async\" src=\"https:\/\/saintjeandelacommanderie.fr\/wp-content\/uploads\/2022\/05\/Messe-en-famille-22-05-thumb.png\" title=\"Messe en familledu 22 mai 2022\" alt=\"Messe en familledu 22 mai 2022\" data-ext=\"pdf\"\/>\n         <span class=\"title\">Messe en famille<br \/>du 22 mai 2022<\/span>\n      <\/a>\n   <\/div>\n   <div class=\"document-icon\">\n      <a href=\"https:\/\/saintjeandelacommanderie.fr\/wp-content\/uploads\/2022\/05\/Feuille-du-29.05.22.pdf\" target=\"_blank\">\n         <img decoding=\"async\" src=\"https:\/\/saintjeandelacommanderie.fr\/wp-content\/uploads\/2022\/05\/Feuille-du-29-05-22-thumb.png\" title=\"Chants Saint-Joseph29 mai 2022\" alt=\"Chants Saint-Joseph29 mai 2022\" data-ext=\"pdf\"\/>\n         <span class=\"title\">Chants Saint-Joseph<br \/>29 mai 2022<\/span>\n      <\/a>\n   <\/div>\n   <div class=\"document-icon\">\n      <a href=\"https:\/\/saintjeandelacommanderie.fr\/wp-content\/uploads\/2022\/06\/Feuille-du-19.06.22.pdf\" target=\"_blank\">\n         <img decoding=\"async\" src=\"https:\/\/saintjeandelacommanderie.fr\/wp-content\/uploads\/2022\/06\/Feuille-du-19-06-22-thumb.png\" title=\"Chants Saint-Joseph19 juin 2022Saint-Sacrement\" alt=\"Chants Saint-Joseph19 juin 2022Saint-Sacrement\" data-ext=\"pdf\"\/>\n         <span class=\"title\">Chants Saint-Joseph<br \/>19 juin 2022<br \/>Saint-Sacrement<\/span>\n      <\/a>\n   <\/div>\n\n<\/div>\n<div class='document-icon-row'>\n   <div class=\"document-icon\">\n      <a href=\"https:\/\/saintjeandelacommanderie.fr\/wp-content\/uploads\/2022\/11\/Messe-en-famille-13-11.pdf\" target=\"_blank\">\n         <img decoding=\"async\" src=\"https:\/\/saintjeandelacommanderie.fr\/wp-content\/uploads\/2022\/11\/Messe-en-famille-13-11-thumb.png\" title=\"Messe en famille13 novembre 2022\" alt=\"Messe en famille13 novembre 2022\" data-ext=\"pdf\"\/>\n         <span class=\"title\">Messe en famille<br \/>13 novembre 2022<\/span>\n      <\/a>\n   <\/div>\n\n<\/div>\n<\/div>\n<p style=\"text-align: center;\">++++++++++++++++++++++++++++++++++++++++++++++++++++++++++++++<\/p>\n<p><strong>Feuilles de Saint-L\u00e9on<\/strong><\/p>\n\n<!-- G\u00e9n\u00e9ration r\u00e9alis\u00e9e avec Document Gallery. Obtenez votre version ici :http:\/\/wordpress.org\/extend\/plugins\/document-gallery -->\n<div id=\"document-gallery-2\" class=\"document-gallery\" data-shortcode='{\"id\":69,\"include\":\"4637,4663,4684,4700,4706,4710,4726,4744,4757,4773,4794,4807,4822,4845,4858,4905,4944,4966,4968,4970,4993,5052,5064,5202\",\"exclude\":\"\",\"columns\":4,\"fancy\":true,\"order\":\"ASC\",\"orderby\":\"date\",\"relation\":\"AND\",\"limit\":-1,\"mime_types\":\"application,video,text,audio,image\",\"new_window\":true,\"paginate\":true,\"post_status\":\"any\",\"post_type\":\"attachment\",\"attachment_pg\":false,\"descriptions\":false,\"skip\":0}' style='--dg-icon-width: 24%'>\n<div class='document-icon-row'>\n   <div class=\"document-icon\">\n      <a href=\"https:\/\/saintjeandelacommanderie.fr\/wp-content\/uploads\/2021\/11\/28-11-21.pdf\" target=\"_blank\">\n         <img decoding=\"async\" src=\"https:\/\/saintjeandelacommanderie.fr\/wp-content\/uploads\/2021\/11\/28-11-21-thumb.png\" title=\"Chants Saint-L\u00e9on28 novembre 2021\" alt=\"Chants Saint-L\u00e9on28 novembre 2021\" data-ext=\"pdf\"\/>\n         <span class=\"title\">Chants Saint-L\u00e9on<br \/>28 novembre 2021<\/span>\n      <\/a>\n   <\/div>\n   <div class=\"document-icon\">\n      <a href=\"https:\/\/saintjeandelacommanderie.fr\/wp-content\/uploads\/2021\/12\/05-12-21-1er-dim.-Avent.pdf\" target=\"_blank\">\n         <img decoding=\"async\" src=\"https:\/\/saintjeandelacommanderie.fr\/wp-content\/uploads\/2021\/12\/05-12-21-1er-dim-Avent-thumb.png\" title=\"Chants Saint-L\u00e9on5 d\u00e9cembre 2021\" alt=\"Chants Saint-L\u00e9on5 d\u00e9cembre 2021\" data-ext=\"pdf\"\/>\n         <span class=\"title\">Chants Saint-L\u00e9on<br \/>5 d\u00e9cembre 2021<\/span>\n      <\/a>\n   <\/div>\n   <div class=\"document-icon\">\n      <a href=\"https:\/\/saintjeandelacommanderie.fr\/wp-content\/uploads\/2021\/12\/12-12-21-3eme-dim.-Avent.pdf\" target=\"_blank\">\n         <img decoding=\"async\" src=\"https:\/\/saintjeandelacommanderie.fr\/wp-content\/uploads\/2021\/12\/12-12-21-3eme-dim-Avent-thumb.png\" title=\"Chants Saint-L\u00e9on 12 d\u00e9cembre 2021\" alt=\"Chants Saint-L\u00e9on 12 d\u00e9cembre 2021\" data-ext=\"pdf\"\/>\n         <span class=\"title\">Chants Saint-L\u00e9on <br \/>12 d\u00e9cembre 2021<\/span>\n      <\/a>\n   <\/div>\n   <div class=\"document-icon\">\n      <a href=\"https:\/\/saintjeandelacommanderie.fr\/wp-content\/uploads\/2021\/12\/19-12-21-4eme-dimanche-de-lAvent.pdf\" target=\"_blank\">\n         <img decoding=\"async\" src=\"https:\/\/saintjeandelacommanderie.fr\/wp-content\/uploads\/2021\/12\/19-12-21-4eme-dimanche-de-lAvent-thumb.png\" title=\"Chants Saint-L\u00e9on19 d\u00e9cembre 2021\" alt=\"Chants Saint-L\u00e9on19 d\u00e9cembre 2021\" data-ext=\"pdf\"\/>\n         <span class=\"title\">Chants Saint-L\u00e9on<br \/>19 d\u00e9cembre 2021<\/span>\n      <\/a>\n   <\/div>\n\n<\/div>\n<div class='document-icon-row'>\n   <div class=\"document-icon\">\n      <a href=\"https:\/\/saintjeandelacommanderie.fr\/wp-content\/uploads\/2021\/12\/feuille_saint-leon_20211225.pdf\" target=\"_blank\">\n         <img decoding=\"async\" src=\"https:\/\/saintjeandelacommanderie.fr\/wp-content\/uploads\/2021\/12\/feuille_saint-leon_20211225-thumb.png\" title=\"Chants Saint-L\u00e9on25 d\u00e9cembre 2021Messe du jour\" alt=\"Chants Saint-L\u00e9on25 d\u00e9cembre 2021Messe du jour\" data-ext=\"pdf\"\/>\n         <span class=\"title\">Chants Saint-L\u00e9on<br \/>25 d\u00e9cembre 2021<br \/>Messe du jour<\/span>\n      <\/a>\n   <\/div>\n   <div class=\"document-icon\">\n      <a href=\"https:\/\/saintjeandelacommanderie.fr\/wp-content\/uploads\/2021\/12\/26-12-21-Sainte-Famille.pdf\" target=\"_blank\">\n         <img decoding=\"async\" src=\"https:\/\/saintjeandelacommanderie.fr\/wp-content\/uploads\/2021\/12\/26-12-21-Sainte-Famille-thumb.png\" title=\"Chants Saint-L\u00e9on26 d\u00e9cembre 2021\" alt=\"Chants Saint-L\u00e9on26 d\u00e9cembre 2021\" data-ext=\"pdf\"\/>\n         <span class=\"title\">Chants Saint-L\u00e9on<br \/>26 d\u00e9cembre 2021<\/span>\n      <\/a>\n   <\/div>\n   <div class=\"document-icon\">\n      <a href=\"https:\/\/saintjeandelacommanderie.fr\/wp-content\/uploads\/2021\/12\/24-12-21-Messe-de-la-Nuit.pdf\" target=\"_blank\">\n         <img decoding=\"async\" src=\"https:\/\/saintjeandelacommanderie.fr\/wp-content\/uploads\/2021\/12\/24-12-21-Messe-de-la-Nuit-thumb.png\" title=\"Chants Saint-L\u00e9onVeill\u00e9e et messe de la nuit24 d\u00e9cembre 2021\" alt=\"Chants Saint-L\u00e9onVeill\u00e9e et messe de la nuit24 d\u00e9cembre 2021\" data-ext=\"pdf\"\/>\n         <span class=\"title\">Chants Saint-L\u00e9on<br \/>Veill\u00e9e et messe de la nuit<br \/>24 d\u00e9cembre 2021<\/span>\n      <\/a>\n   <\/div>\n   <div class=\"document-icon\">\n      <a href=\"https:\/\/saintjeandelacommanderie.fr\/wp-content\/uploads\/2022\/01\/09-01-22-Bapteme-du-Seigneur.pdf\" target=\"_blank\">\n         <img decoding=\"async\" src=\"https:\/\/saintjeandelacommanderie.fr\/wp-content\/uploads\/2022\/01\/09-01-22-Bapteme-du-Seigneur-thumb.png\" title=\"Chants Saint-L\u00e9onBapt\u00eame du Seigneur9 janvier 2022\" alt=\"Chants Saint-L\u00e9onBapt\u00eame du Seigneur9 janvier 2022\" data-ext=\"pdf\"\/>\n         <span class=\"title\">Chants Saint-L\u00e9on<br \/>Bapt\u00eame du Seigneur<br \/>9 janvier 2022<\/span>\n      <\/a>\n   <\/div>\n\n<\/div>\n<div class='document-icon-row'>\n   <div class=\"document-icon\">\n      <a href=\"https:\/\/saintjeandelacommanderie.fr\/wp-content\/uploads\/2022\/01\/16-01-22.pdf\" target=\"_blank\">\n         <img decoding=\"async\" src=\"https:\/\/saintjeandelacommanderie.fr\/wp-content\/uploads\/2022\/01\/16-01-22-thumb.png\" title=\"Chants Saint-L\u00e9on16 janvier 2022\" alt=\"Chants Saint-L\u00e9on16 janvier 2022\" data-ext=\"pdf\"\/>\n         <span class=\"title\">Chants Saint-L\u00e9on<br \/>16 janvier 2022<\/span>\n      <\/a>\n   <\/div>\n   <div class=\"document-icon\">\n      <a href=\"https:\/\/saintjeandelacommanderie.fr\/wp-content\/uploads\/2022\/01\/23-01-22.pdf\" target=\"_blank\">\n         <img decoding=\"async\" src=\"https:\/\/saintjeandelacommanderie.fr\/wp-content\/uploads\/2022\/01\/23-01-22-thumb.png\" title=\"Chants Saint-L\u00e9on23 janvier 2022\" alt=\"Chants Saint-L\u00e9on23 janvier 2022\" data-ext=\"pdf\"\/>\n         <span class=\"title\">Chants Saint-L\u00e9on<br \/>23 janvier 2022<\/span>\n      <\/a>\n   <\/div>\n   <div class=\"document-icon\">\n      <a href=\"https:\/\/saintjeandelacommanderie.fr\/wp-content\/uploads\/2022\/01\/30-01-22.pdf\" target=\"_blank\">\n         <img decoding=\"async\" src=\"https:\/\/saintjeandelacommanderie.fr\/wp-content\/uploads\/2022\/01\/30-01-22-thumb.png\" title=\"Chants Saint-L\u00e9on30 janvier 2022\" alt=\"Chants Saint-L\u00e9on30 janvier 2022\" data-ext=\"pdf\"\/>\n         <span class=\"title\">Chants Saint-L\u00e9on<br \/>30 janvier 2022<\/span>\n      <\/a>\n   <\/div>\n   <div class=\"document-icon\">\n      <a href=\"https:\/\/saintjeandelacommanderie.fr\/wp-content\/uploads\/2022\/02\/06-02-22.pdf\" target=\"_blank\">\n         <img decoding=\"async\" src=\"https:\/\/saintjeandelacommanderie.fr\/wp-content\/uploads\/2022\/02\/06-02-22-thumb.png\" title=\"Chants Saint-L\u00e9on6 f\u00e9vrier 2022\" alt=\"Chants Saint-L\u00e9on6 f\u00e9vrier 2022\" data-ext=\"pdf\"\/>\n         <span class=\"title\">Chants Saint-L\u00e9on<br \/>6 f\u00e9vrier 2022<\/span>\n      <\/a>\n   <\/div>\n\n<\/div>\n<div class='document-icon-row'>\n   <div class=\"document-icon\">\n      <a href=\"https:\/\/saintjeandelacommanderie.fr\/wp-content\/uploads\/2022\/02\/13-02-22-1.pdf\" target=\"_blank\">\n         <img decoding=\"async\" src=\"https:\/\/saintjeandelacommanderie.fr\/wp-content\/uploads\/2022\/02\/13-02-22-1-thumb.png\" title=\"Chants Saint-L\u00e9on13 f\u00e9vrier 2022\" alt=\"Chants Saint-L\u00e9on13 f\u00e9vrier 2022\" data-ext=\"pdf\"\/>\n         <span class=\"title\">Chants Saint-L\u00e9on<br \/>13 f\u00e9vrier 2022<\/span>\n      <\/a>\n   <\/div>\n   <div class=\"document-icon\">\n      <a href=\"https:\/\/saintjeandelacommanderie.fr\/wp-content\/uploads\/2022\/02\/20-02-22.pdf\" target=\"_blank\">\n         <img decoding=\"async\" src=\"https:\/\/saintjeandelacommanderie.fr\/wp-content\/uploads\/2022\/02\/20-02-22-thumb.png\" title=\"Chants Saint-L\u00e9on20 f\u00e9vrier 2022\" alt=\"Chants Saint-L\u00e9on20 f\u00e9vrier 2022\" data-ext=\"pdf\"\/>\n         <span class=\"title\">Chants Saint-L\u00e9on<br \/>20 f\u00e9vrier 2022<\/span>\n      <\/a>\n   <\/div>\n   <div class=\"document-icon\">\n      <a href=\"https:\/\/saintjeandelacommanderie.fr\/wp-content\/uploads\/2022\/02\/27-02-22.pdf\" target=\"_blank\">\n         <img decoding=\"async\" src=\"https:\/\/saintjeandelacommanderie.fr\/wp-content\/uploads\/2022\/02\/27-02-22-thumb.png\" title=\"Chants Saint-L\u00e9on27 f\u00e9vrier 2022\" alt=\"Chants Saint-L\u00e9on27 f\u00e9vrier 2022\" data-ext=\"pdf\"\/>\n         <span class=\"title\">Chants Saint-L\u00e9on<br \/>27 f\u00e9vrier 2022<\/span>\n      <\/a>\n   <\/div>\n   <div class=\"document-icon\">\n      <a href=\"https:\/\/saintjeandelacommanderie.fr\/wp-content\/uploads\/2022\/03\/Chants-careme-2022-Saint-Leon.pdf\" target=\"_blank\">\n         <img decoding=\"async\" src=\"https:\/\/saintjeandelacommanderie.fr\/wp-content\/uploads\/2022\/03\/Chants-careme-2022-Saint-Leon-thumb.png\" title=\"Chants Saint-L\u00e9onCar\u00eame 2022\" alt=\"Chants Saint-L\u00e9onCar\u00eame 2022\" data-ext=\"pdf\"\/>\n         <span class=\"title\">Chants Saint-L\u00e9on<br \/>Car\u00eame 2022<\/span>\n      <\/a>\n   <\/div>\n\n<\/div>\n<div class='document-icon-row'>\n   <div class=\"document-icon\">\n      <a href=\"https:\/\/saintjeandelacommanderie.fr\/wp-content\/uploads\/2022\/04\/10-04-22-Rameaux.pdf\" target=\"_blank\">\n         <img decoding=\"async\" src=\"https:\/\/saintjeandelacommanderie.fr\/wp-content\/uploads\/2022\/04\/10-04-22-Rameaux-thumb.png\" title=\"Chants Saint-L\u00e9on10 avril 2022Rameaux\" alt=\"Chants Saint-L\u00e9on10 avril 2022Rameaux\" data-ext=\"pdf\"\/>\n         <span class=\"title\">Chants Saint-L\u00e9on<br \/>10 avril 2022<br \/>Rameaux<\/span>\n      <\/a>\n   <\/div>\n   <div class=\"document-icon\">\n      <a href=\"https:\/\/saintjeandelacommanderie.fr\/wp-content\/uploads\/2022\/04\/15-04-22-Vendredi-saint.pdf\" target=\"_blank\">\n         <img decoding=\"async\" src=\"https:\/\/saintjeandelacommanderie.fr\/wp-content\/uploads\/2022\/04\/15-04-22-Vendredi-saint-thumb.png\" title=\"Chants Saint-L\u00e9on15 avril 2022Vendredi Saint\" alt=\"Chants Saint-L\u00e9on15 avril 2022Vendredi Saint\" data-ext=\"pdf\"\/>\n         <span class=\"title\">Chants Saint-L\u00e9on<br \/>15 avril 2022<br \/>Vendredi Saint<\/span>\n      <\/a>\n   <\/div>\n   <div class=\"document-icon\">\n      <a href=\"https:\/\/saintjeandelacommanderie.fr\/wp-content\/uploads\/2022\/04\/16-04-22-Vigile-pascale.pdf\" target=\"_blank\">\n         <img decoding=\"async\" src=\"https:\/\/saintjeandelacommanderie.fr\/wp-content\/uploads\/2022\/04\/16-04-22-Vigile-pascale-thumb.png\" title=\"Chants Saint-L\u00e9on16 avril 2022Vigile Pascale\" alt=\"Chants Saint-L\u00e9on16 avril 2022Vigile Pascale\" data-ext=\"pdf\"\/>\n         <span class=\"title\">Chants Saint-L\u00e9on<br \/>16 avril 2022<br \/>Vigile Pascale<\/span>\n      <\/a>\n   <\/div>\n   <div class=\"document-icon\">\n      <a href=\"https:\/\/saintjeandelacommanderie.fr\/wp-content\/uploads\/2022\/04\/17-04-22-Jour-de-Paques.pdf\" target=\"_blank\">\n         <img decoding=\"async\" src=\"https:\/\/saintjeandelacommanderie.fr\/wp-content\/uploads\/2022\/04\/17-04-22-Jour-de-Paques-thumb.png\" title=\"Chants Saint-L\u00e9on17 avril 2022P\u00e2ques\" alt=\"Chants Saint-L\u00e9on17 avril 2022P\u00e2ques\" data-ext=\"pdf\"\/>\n         <span class=\"title\">Chants Saint-L\u00e9on<br \/>17 avril 2022<br \/>P\u00e2ques<\/span>\n      <\/a>\n   <\/div>\n\n<\/div>\n<div class='document-icon-row'>\n   <div class=\"document-icon\">\n      <a href=\"https:\/\/saintjeandelacommanderie.fr\/wp-content\/uploads\/2022\/04\/Feuille-de-chants-temps-pascal-2022.pdf\" target=\"_blank\">\n         <img decoding=\"async\" src=\"https:\/\/saintjeandelacommanderie.fr\/wp-content\/uploads\/2022\/04\/Feuille-de-chants-temps-pascal-2022-thumb.png\" title=\"Chants Saint-L\u00e9on temps pascal 2022\" alt=\"Chants Saint-L\u00e9on temps pascal 2022\" data-ext=\"pdf\"\/>\n         <span class=\"title\">Chants Saint-L\u00e9on temps pascal 2022<\/span>\n      <\/a>\n   <\/div>\n   <div class=\"document-icon\">\n      <a href=\"https:\/\/saintjeandelacommanderie.fr\/wp-content\/uploads\/2022\/06\/Solennite-de-la-Pentecote.pdf\" target=\"_blank\">\n         <img decoding=\"async\" src=\"https:\/\/saintjeandelacommanderie.fr\/wp-content\/uploads\/2022\/06\/Solennite-de-la-Pentecote-thumb.png\" title=\"Chants Saint-L\u00e9on5 juin 2022Pentec\u00f4te\" alt=\"Chants Saint-L\u00e9on5 juin 2022Pentec\u00f4te\" data-ext=\"pdf\"\/>\n         <span class=\"title\">Chants Saint-L\u00e9on<br \/>5 juin 2022<br \/>Pentec\u00f4te<\/span>\n      <\/a>\n   <\/div>\n   <div class=\"document-icon\">\n      <a href=\"https:\/\/saintjeandelacommanderie.fr\/wp-content\/uploads\/2022\/06\/19-06-22-St-Sacrement.pdf\" target=\"_blank\">\n         <img decoding=\"async\" src=\"https:\/\/saintjeandelacommanderie.fr\/wp-content\/uploads\/2022\/06\/19-06-22-St-Sacrement-thumb.png\" title=\"Chants Saint-L\u00e9on19 juin 2022Saint-Sacrement\" alt=\"Chants Saint-L\u00e9on19 juin 2022Saint-Sacrement\" data-ext=\"pdf\"\/>\n         <span class=\"title\">Chants Saint-L\u00e9on<br \/>19 juin 2022<br \/>Saint-Sacrement<\/span>\n      <\/a>\n   <\/div>\n   <div class=\"document-icon\">\n      <a href=\"https:\/\/saintjeandelacommanderie.fr\/wp-content\/uploads\/2022\/11\/20-11-22-Christ-Roi.pdf\" target=\"_blank\">\n         <img decoding=\"async\" src=\"https:\/\/saintjeandelacommanderie.fr\/wp-content\/uploads\/2022\/11\/20-11-22-Christ-Roi-thumb.png\" title=\"Chants Saint-L\u00e9on20 novembre 2022Christ-Roi\" alt=\"Chants Saint-L\u00e9on20 novembre 2022Christ-Roi\" data-ext=\"pdf\"\/>\n         <span class=\"title\">Chants Saint-L\u00e9on<br \/>20 novembre 2022<br \/>Christ-Roi<\/span>\n      <\/a>\n   <\/div>\n\n<\/div>\n<\/div>\n\n\n<p><\/p>\n","protected":false},"excerpt":{"rendered":"<p>Les feuilles du trimestre en cours.Feuilles de Saint-Joseph ++++++++++++++++++++++++++++++++++++++++++++++++++++++++++++++ Feuilles de Saint-L\u00e9on<\/p>\n","protected":false},"author":1,"featured_media":0,"parent":29,"menu_order":1,"comment_status":"closed","ping_status":"closed","template":"","meta":{"footnotes":""},"class_list":["post-69","page","type-page","status-publish","hentry"],"publishpress_future_workflow_manual_trigger":{"enabledWorkflows":[]},"_links":{"self":[{"href":"https:\/\/saintjeandelacommanderie.fr\/index.php?rest_route=\/wp\/v2\/pages\/69","targetHints":{"allow":["GET"]}}],"collection":[{"href":"https:\/\/saintjeandelacommanderie.fr\/index.php?rest_route=\/wp\/v2\/pages"}],"about":[{"href":"https:\/\/saintjeandelacommanderie.fr\/index.php?rest_route=\/wp\/v2\/types\/page"}],"author":[{"embeddable":true,"href":"https:\/\/saintjeandelacommanderie.fr\/index.php?rest_route=\/wp\/v2\/users\/1"}],"replies":[{"embeddable":true,"href":"https:\/\/saintjeandelacommanderie.fr\/index.php?rest_route=%2Fwp%2Fv2%2Fcomments&post=69"}],"version-history":[{"count":372,"href":"https:\/\/saintjeandelacommanderie.fr\/index.php?rest_route=\/wp\/v2\/pages\/69\/revisions"}],"predecessor-version":[{"id":5205,"href":"https:\/\/saintjeandelacommanderie.fr\/index.php?rest_route=\/wp\/v2\/pages\/69\/revisions\/5205"}],"up":[{"embeddable":true,"href":"https:\/\/saintjeandelacommanderie.fr\/index.php?rest_route=\/wp\/v2\/pages\/29"}],"wp:attachment":[{"href":"https:\/\/saintjeandelacommanderie.fr\/index.php?rest_route=%2Fwp%2Fv2%2Fmedia&parent=69"}],"curies":[{"name":"wp","href":"https:\/\/api.w.org\/{rel}","templated":true}]}}